{"id":2902,"date":"2014-11-13T10:58:54","date_gmt":"2014-11-13T10:58:54","guid":{"rendered":"http:\/\/www.kursaal.eus\/kursaal-eszena\/abonos\/"},"modified":"2021-12-15T12:52:48","modified_gmt":"2021-12-15T12:52:48","slug":"informacion","status":"publish","type":"page","link":"https:\/\/www.kursaal.eus\/fr\/kursaal-eszena\/informacion\/","title":{"rendered":"Information"},"content":{"rendered":"<div class=\"row\">\n<div class=\"col-md-5\">\n<h3>BILLETS<\/h3>\n<ul>\n<li><strong>Guichet Kursaal<br \/>\n<\/strong>Du lundi au mercredi:\u00a0 11.30-13.30<br \/>\nJeudi et vendredi: 11.30-13.30 \/17:00-20:00<br \/>\nSamedi: 17:00-20:00<\/li>\n<\/ul>\n<p>Le guichet sera ouvert l\u2019apr\u00e8s-midi les jours des concerts.<\/p>\n<p>*Les 24 et 31 d\u00e9cembre apr\u00e8s-midi ferm\u00e9.<\/p>\n<ul>\n<li><a href=\"http:\/\/www.kursaal.eus\"><strong>www.kursaal.eus<\/strong><\/a><\/li>\n<\/ul>\n<\/div>\n<div class=\"col-md-5 offset-md-2\">\n<h3 class=\"turquesa mayusculas\">Normes g\u00e9n\u00e9rales<\/h3>\n<p>Les programmes sont susceptibles d\u2019\u00eatre modifi\u00e9s. Kursaal Eszena d\u00e9cline toute responsabilit\u00e9 en cas de modification des programmes, interpr\u00e8tes ou dates des concerts. L\u2019annulation d\u2019un concert, mais non pas le report, sera la seule cause pour le remboursement du montant des places.<\/p>\n<p>Par respect pour le public et pour les artistes, l\u2019entr\u00e9e en salle une fois les spectacles commenc\u00e9s ne sera pas permise. Les personnes qui arrivent en retard devront attendre jusqu\u2019\u00e0 ce que l\u2019organisation leur indique d\u2019acc\u00e9der en salle, \u00e0 condition que le spectacle le permette.<\/p>\n<\/div>\n<\/div>\n<div class=\"row\">\n<div class=\"col-md-5\">\n<h3 class=\"turquesa mayusculas\">Tarif jeunes<\/h3>\n<p>Les moins de 30 ans pourront obtenir des billets \u00e0 3 euros pour tous les concerts et spectacles, sauf Musique en Famille, organis\u00e9s par Kursaal Eszena, \u00e0 partir de 30 minutes avant le d\u00e9but de chaque spectacle, dans les guichets du Kursaal.<\/p>\n<p>*Les personnes sans emploi pourront b\u00e9n\u00e9ficier de cette promotion.<\/p>\n<p>Places limit\u00e9es. Option soumise \u00e0 la disponibilit\u00e9 des places en guichet et avec accr\u00e9ditation pr\u00e9alable de l\u2019\u00e2ge.<\/p>\n<\/div>\n<div class=\"col-md-5 offset-md-2\">\n<h3 class=\"turquesa mayusculas\">Mobilit\u00e9 R\u00e9duite<\/h3>\n<p>Il existe des places pour personnes \u00e0 mobilit\u00e9 r\u00e9duite dans l\u2019Auditorium (17<sup>\u00e8me<\/sup> rang) et dans la Salle de Chambre (1<sup>er<\/sup> rang) qui seront r\u00e9serv\u00e9es jusqu\u2019\u00e0 ce que le reste de places n\u2019aient \u00e9t\u00e9 vendues. Ces places ne pourront \u00eatre obtenues qu\u2019\u00e0 travers le guichet, en pr\u00e9sentant pr\u00e9alablement le certificat d\u2019handicap et la photocopie de la carte d\u2019identit\u00e9 dans les bureaux de Kursaal Eszena. La veille du concert, ces places sp\u00e9ciales seront mises \u00e0 la vente pour le public en g\u00e9n\u00e9ral.<\/p>\n<\/div>\n<\/div>\n<div class=\"row\" style=\"padding-top: 30px;\">\n<div class=\"col-md-12\">\n<h1 class=\"titular mayusculas marra\">Autres initiatives<\/h1>\n<\/div>\n<\/div>\n<div class=\"row\">\n<div class=\"col-md-5\">\n<h3 class=\"turquesa mayusculas\">Kursaal Eskura<\/h3>\n<p>Kursaal Eszena, a trav\u00e9s de la iniciativa Kursaal Eskura, pone a disposici\u00f3n de los ayuntamientos guipuzcoanos un servicio de autob\u00fas gratuito para facilitar el acceso a los conciertos y espect\u00e1culos que programa Kursaal Eszena. Los ayuntamientos interesados deber\u00e1n de ponerse en contacto con las oficinas de Kursaal Eszena: 943 00 31 80 \/ <a href=\"mailto:kursaaleszena@kursaal.eus\">kursaaleszena@kursaal.eus<\/a><\/p>\n<\/div>\n<div class=\"col-md-5 offset-md-2\">\n<h3 class=\"turquesa mayusculas\">Abonnement Entreprise<\/h3>\n<p>Un abonnement sp\u00e9cial, con\u00e7u pour que les entreprises profitent de la saison de concerts de mani\u00e8res exclusive. Nous voulons leur offrir un traitement sp\u00e9cial dans nos rendez-vous musicaux, les rendant des points de rencontre avec leurs clients. Les entreprises int\u00e9ress\u00e9es devront contacter nos bureaux pour toute consultation ou information n\u00e9cessaire en rapport avec l\u2019Abonnement Entreprise de Kursaal Eszena. (943 00 31 80 \/ kursaaleszena@kursaal.eus).<\/p>\n<\/div>\n<\/div>\n","protected":false},"excerpt":{"rendered":"<p>BILLETS Guichet Kursaal Du lundi au mercredi:\u00a0 11.30-13.30 Jeudi et vendredi: 11.30-13.30 \/17:00-20:00 Samedi: 17:00-20:00 Le guichet sera ouvert l\u2019apr\u00e8s-midi les jours des concerts. *Les 24 et 31 d\u00e9cembre apr\u00e8s-midi ferm\u00e9. www.kursaal.eus Normes g\u00e9n\u00e9rales Les [&hellip;]<\/p>\n","protected":false},"author":10000095,"featured_media":33120,"parent":2827,"menu_order":0,"comment_status":"open","ping_status":"open","template":"page-kursaal-eszena-estaticas.php","meta":{"_acf_changed":false,"footnotes":""},"class_list":["post-2902","page","type-page","status-publish","has-post-thumbnail","hentry"],"acf":[],"yoast_head":"<!-- This site is optimized with the Yoast SEO plugin v27.0 - https:\/\/yoast.com\/product\/yoast-seo-wordpress\/ -->\n<title>Information - Kursaal Donostia - San Sebasti\u00e1n<\/title>\n<meta name=\"robots\" content=\"index, follow, max-snippet:-1, max-image-preview:large, max-video-preview:-1\" \/>\n<link rel=\"canonical\" href=\"https:\/\/www.kursaal.eus\/fr\/kursaal-eszena\/informacion\/\" \/>\n<meta property=\"og:locale\" content=\"fr_FR\" \/>\n<meta property=\"og:type\" content=\"article\" \/>\n<meta property=\"og:title\" content=\"Information - Kursaal Donostia - San Sebasti\u00e1n\" \/>\n<meta property=\"og:description\" content=\"BILLETS Guichet Kursaal Du lundi au mercredi:\u00a0 11.30-13.30 Jeudi et vendredi: 11.30-13.30 \/17:00-20:00 Samedi: 17:00-20:00 Le guichet sera ouvert l\u2019apr\u00e8s-midi les jours des concerts. *Les 24 et 31 d\u00e9cembre apr\u00e8s-midi ferm\u00e9. www.kursaal.eus Normes g\u00e9n\u00e9rales Les [&hellip;]\" \/>\n<meta property=\"og:url\" content=\"https:\/\/www.kursaal.eus\/fr\/kursaal-eszena\/informacion\/\" \/>\n<meta property=\"og:site_name\" content=\"Kursaal Donostia - San Sebasti\u00e1n\" \/>\n<meta property=\"article:publisher\" content=\"https:\/\/www.facebook.com\/KursaalPalaciodeCongresosBiltzarJauregia\" \/>\n<meta property=\"article:modified_time\" content=\"2021-12-15T12:52:48+00:00\" \/>\n<meta property=\"og:image\" content=\"https:\/\/www.kursaal.eus\/wp-content\/uploads\/2014\/11\/kursaal-eszena-auditorio.jpg\" \/>\n\t<meta property=\"og:image:width\" content=\"1172\" \/>\n\t<meta property=\"og:image:height\" content=\"330\" \/>\n\t<meta property=\"og:image:type\" content=\"image\/jpeg\" \/>\n<meta name=\"twitter:label1\" content=\"Dur\u00e9e de lecture estim\u00e9e\" \/>\n\t<meta name=\"twitter:data1\" content=\"2 minutes\" \/>\n<script type=\"application\/ld+json\" class=\"yoast-schema-graph\">{\"@context\":\"https:\/\/schema.org\",\"@graph\":[{\"@type\":\"WebPage\",\"@id\":\"https:\/\/www.kursaal.eus\/fr\/kursaal-eszena\/informacion\/\",\"url\":\"https:\/\/www.kursaal.eus\/fr\/kursaal-eszena\/informacion\/\",\"name\":\"Information - Kursaal Donostia - San Sebasti\u00e1n\",\"isPartOf\":{\"@id\":\"https:\/\/www.kursaal.eus\/es\/#website\"},\"primaryImageOfPage\":{\"@id\":\"https:\/\/www.kursaal.eus\/fr\/kursaal-eszena\/informacion\/#primaryimage\"},\"image\":{\"@id\":\"https:\/\/www.kursaal.eus\/fr\/kursaal-eszena\/informacion\/#primaryimage\"},\"thumbnailUrl\":\"https:\/\/www.kursaal.eus\/wp-content\/uploads\/2014\/11\/kursaal-eszena-auditorio.jpg\",\"datePublished\":\"2014-11-13T10:58:54+00:00\",\"dateModified\":\"2021-12-15T12:52:48+00:00\",\"breadcrumb\":{\"@id\":\"https:\/\/www.kursaal.eus\/fr\/kursaal-eszena\/informacion\/#breadcrumb\"},\"inLanguage\":\"fr-FR\",\"potentialAction\":[{\"@type\":\"ReadAction\",\"target\":[\"https:\/\/www.kursaal.eus\/fr\/kursaal-eszena\/informacion\/\"]}]},{\"@type\":\"ImageObject\",\"inLanguage\":\"fr-FR\",\"@id\":\"https:\/\/www.kursaal.eus\/fr\/kursaal-eszena\/informacion\/#primaryimage\",\"url\":\"https:\/\/www.kursaal.eus\/wp-content\/uploads\/2014\/11\/kursaal-eszena-auditorio.jpg\",\"contentUrl\":\"https:\/\/www.kursaal.eus\/wp-content\/uploads\/2014\/11\/kursaal-eszena-auditorio.jpg\",\"width\":1172,\"height\":330},{\"@type\":\"BreadcrumbList\",\"@id\":\"https:\/\/www.kursaal.eus\/fr\/kursaal-eszena\/informacion\/#breadcrumb\",\"itemListElement\":[{\"@type\":\"ListItem\",\"position\":1,\"name\":\"Kursaal Eszena\",\"item\":\"https:\/\/www.kursaal.eus\/fr\/kursaal-eszena\/\"},{\"@type\":\"ListItem\",\"position\":2,\"name\":\"Information\"}]},{\"@type\":\"WebSite\",\"@id\":\"https:\/\/www.kursaal.eus\/es\/#website\",\"url\":\"https:\/\/www.kursaal.eus\/es\/\",\"name\":\"Kursaal Donostia - San Sebasti\u00e1n\",\"description\":\"Palacio de Congresos y Auditorio\",\"potentialAction\":[{\"@type\":\"SearchAction\",\"target\":{\"@type\":\"EntryPoint\",\"urlTemplate\":\"https:\/\/www.kursaal.eus\/es\/?s={search_term_string}\"},\"query-input\":{\"@type\":\"PropertyValueSpecification\",\"valueRequired\":true,\"valueName\":\"search_term_string\"}}],\"inLanguage\":\"fr-FR\"}]}<\/script>\n<!-- \/ Yoast SEO plugin. -->","yoast_head_json":{"title":"Information - Kursaal Donostia - San Sebasti\u00e1n","robots":{"index":"index","follow":"follow","max-snippet":"max-snippet:-1","max-image-preview":"max-image-preview:large","max-video-preview":"max-video-preview:-1"},"canonical":"https:\/\/www.kursaal.eus\/fr\/kursaal-eszena\/informacion\/","og_locale":"fr_FR","og_type":"article","og_title":"Information - Kursaal Donostia - San Sebasti\u00e1n","og_description":"BILLETS Guichet Kursaal Du lundi au mercredi:\u00a0 11.30-13.30 Jeudi et vendredi: 11.30-13.30 \/17:00-20:00 Samedi: 17:00-20:00 Le guichet sera ouvert l\u2019apr\u00e8s-midi les jours des concerts. *Les 24 et 31 d\u00e9cembre apr\u00e8s-midi ferm\u00e9. www.kursaal.eus Normes g\u00e9n\u00e9rales Les [&hellip;]","og_url":"https:\/\/www.kursaal.eus\/fr\/kursaal-eszena\/informacion\/","og_site_name":"Kursaal Donostia - San Sebasti\u00e1n","article_publisher":"https:\/\/www.facebook.com\/KursaalPalaciodeCongresosBiltzarJauregia","article_modified_time":"2021-12-15T12:52:48+00:00","og_image":[{"width":1172,"height":330,"url":"https:\/\/www.kursaal.eus\/wp-content\/uploads\/2014\/11\/kursaal-eszena-auditorio.jpg","type":"image\/jpeg"}],"twitter_misc":{"Dur\u00e9e de lecture estim\u00e9e":"2 minutes"},"schema":{"@context":"https:\/\/schema.org","@graph":[{"@type":"WebPage","@id":"https:\/\/www.kursaal.eus\/fr\/kursaal-eszena\/informacion\/","url":"https:\/\/www.kursaal.eus\/fr\/kursaal-eszena\/informacion\/","name":"Information - Kursaal Donostia - San Sebasti\u00e1n","isPartOf":{"@id":"https:\/\/www.kursaal.eus\/es\/#website"},"primaryImageOfPage":{"@id":"https:\/\/www.kursaal.eus\/fr\/kursaal-eszena\/informacion\/#primaryimage"},"image":{"@id":"https:\/\/www.kursaal.eus\/fr\/kursaal-eszena\/informacion\/#primaryimage"},"thumbnailUrl":"https:\/\/www.kursaal.eus\/wp-content\/uploads\/2014\/11\/kursaal-eszena-auditorio.jpg","datePublished":"2014-11-13T10:58:54+00:00","dateModified":"2021-12-15T12:52:48+00:00","breadcrumb":{"@id":"https:\/\/www.kursaal.eus\/fr\/kursaal-eszena\/informacion\/#breadcrumb"},"inLanguage":"fr-FR","potentialAction":[{"@type":"ReadAction","target":["https:\/\/www.kursaal.eus\/fr\/kursaal-eszena\/informacion\/"]}]},{"@type":"ImageObject","inLanguage":"fr-FR","@id":"https:\/\/www.kursaal.eus\/fr\/kursaal-eszena\/informacion\/#primaryimage","url":"https:\/\/www.kursaal.eus\/wp-content\/uploads\/2014\/11\/kursaal-eszena-auditorio.jpg","contentUrl":"https:\/\/www.kursaal.eus\/wp-content\/uploads\/2014\/11\/kursaal-eszena-auditorio.jpg","width":1172,"height":330},{"@type":"BreadcrumbList","@id":"https:\/\/www.kursaal.eus\/fr\/kursaal-eszena\/informacion\/#breadcrumb","itemListElement":[{"@type":"ListItem","position":1,"name":"Kursaal Eszena","item":"https:\/\/www.kursaal.eus\/fr\/kursaal-eszena\/"},{"@type":"ListItem","position":2,"name":"Information"}]},{"@type":"WebSite","@id":"https:\/\/www.kursaal.eus\/es\/#website","url":"https:\/\/www.kursaal.eus\/es\/","name":"Kursaal Donostia - San Sebasti\u00e1n","description":"Palacio de Congresos y Auditorio","potentialAction":[{"@type":"SearchAction","target":{"@type":"EntryPoint","urlTemplate":"https:\/\/www.kursaal.eus\/es\/?s={search_term_string}"},"query-input":{"@type":"PropertyValueSpecification","valueRequired":true,"valueName":"search_term_string"}}],"inLanguage":"fr-FR"}]}},"_links":{"self":[{"href":"https:\/\/www.kursaal.eus\/fr\/wp-json\/wp\/v2\/pages\/2902","targetHints":{"allow":["GET"]}}],"collection":[{"href":"https:\/\/www.kursaal.eus\/fr\/wp-json\/wp\/v2\/pages"}],"about":[{"href":"https:\/\/www.kursaal.eus\/fr\/wp-json\/wp\/v2\/types\/page"}],"author":[{"embeddable":true,"href":"https:\/\/www.kursaal.eus\/fr\/wp-json\/wp\/v2\/users\/10000095"}],"replies":[{"embeddable":true,"href":"https:\/\/www.kursaal.eus\/fr\/wp-json\/wp\/v2\/comments?post=2902"}],"version-history":[{"count":53,"href":"https:\/\/www.kursaal.eus\/fr\/wp-json\/wp\/v2\/pages\/2902\/revisions"}],"predecessor-version":[{"id":42808,"href":"https:\/\/www.kursaal.eus\/fr\/wp-json\/wp\/v2\/pages\/2902\/revisions\/42808"}],"up":[{"embeddable":true,"href":"https:\/\/www.kursaal.eus\/fr\/wp-json\/wp\/v2\/pages\/2827"}],"wp:featuredmedia":[{"embeddable":true,"href":"https:\/\/www.kursaal.eus\/fr\/wp-json\/wp\/v2\/media\/33120"}],"wp:attachment":[{"href":"https:\/\/www.kursaal.eus\/fr\/wp-json\/wp\/v2\/media?parent=2902"}],"curies":[{"name":"wp","href":"https:\/\/api.w.org\/{rel}","templated":true}]}}