{"id":103326,"date":"2026-03-12T11:51:27","date_gmt":"2026-03-12T11:51:27","guid":{"rendered":"https:\/\/www.kursaal.eus\/?page_id=103326"},"modified":"2026-03-18T10:37:43","modified_gmt":"2026-03-18T10:37:43","slug":"enbaxadore-2021-2","status":"publish","type":"page","link":"https:\/\/www.kursaal.eus\/fr\/kursaal\/programme-enbaxadore\/enbaxadore-2021-2\/","title":{"rendered":"ENBAXADORE 2026"},"content":{"rendered":"<div class=\"row\">\n<div class=\"col-md-5\">\n<p><strong>El Programa Enbaxadore reconoce a nueve nuevos profesionales<\/strong><\/p>\n<p><strong>Programa promovido por San Sebasti\u00e1n Turismo &amp; Convention Bureau y Kursaal<\/strong><\/p>\n<p>Donostia reconoce a 27 nuevas personas embajadoras, en el marco del programa Enbaxadore, una iniciativa impulsada conjuntamente por el Convention Bureau de Donostia San Sebasti\u00e1n Turismoa y la Sociedad Kursaal. El acto, que se celebr\u00f3 en el Kursaal, servir\u00e1 para reconocer p\u00fablicamente la contribuci\u00f3n de personas que han desempe\u00f1ado un rol decisivo en la organizaci\u00f3n de congresos y encuentros profesionales en la ciudad y en el territorio.<\/p>\n<p>Desde su creaci\u00f3n en 2012, el programa ha reconocido ya alrededor de un centenar de profesionales que forman parte de una red estrat\u00e9gica que impulsa la captaci\u00f3n de congresos de referencia, en una ciudad y un territorio que destacan en \u00e1reas como la biociencia, la nanociencia, los materiales avanzados, la movilidad inteligente, la inteligencia artificial y las tecnolog\u00edas cu\u00e1nticas.<\/p>\n<p>El acto de reconocimiento cont\u00f3 con la presencia de Jon Insausti, alcalde de Donostia \/ San Sebasti\u00e1n y presidente de Donostia San Sebasti\u00e1n Turismoa; Unai Andueza, diputado foral de Promoci\u00f3n Econ\u00f3mica y Proyectos Estrat\u00e9gicos (en representaci\u00f3n de Eider Mendoza, diputada general y presidenta del Kursaal); Isabel Aguirrezabala, directora gerente de Donostia San Sebasti\u00e1n Turismoa; Iker Goikoetxea, director gerente de la Sociedad Kursaal; as\u00ed como de los nuevos Enbaxadore y de personas reconocidas en ediciones anteriores del programa.<\/p>\n<\/div>\n<div class=\"col-md-2\">\n<p><a href=\"https:\/\/www.kursaal.eus\/fr\/2026\/03\/enbaxadore-2026\/\" target=\"_blank\" rel=\"noopener\"><img loading=\"lazy\" decoding=\"async\" class=\"alignnone wp-image-334 size-full\" src=\"https:\/\/www.kursaal.eus\/wp-content\/uploads\/2014\/08\/fotos.png\" alt=\"fotos\" width=\"32\" height=\"32\" \/><\/a><\/p>\n<ul class=\"_menu-interno_ submenu  mayusculas\"><li><a href=\"https:\/\/www.kursaal.eus\/fr\/kursaal\/programme-enbaxadore\/enbaxadore-2012\/\">Enbaxadore 2012<\/a><\/li><li><a href=\"https:\/\/www.kursaal.eus\/fr\/kursaal\/programme-enbaxadore\/enbaxadore-2014\/\">Enbaxadore 2014<\/a><\/li><li><a href=\"https:\/\/www.kursaal.eus\/fr\/kursaal\/programme-enbaxadore\/enbaxadore-2017\/\">ENBAXADORE 2017<\/a><\/li><li><a href=\"https:\/\/www.kursaal.eus\/fr\/kursaal\/programme-enbaxadore\/enbaxadore-2017-2\/\">ENBAXADORE 2018<\/a><\/li><li><a href=\"https:\/\/www.kursaal.eus\/fr\/kursaal\/programme-enbaxadore\/enbaxadore-2021\/\">ENBAXADORE 2021<\/a><\/li><li><a href=\"https:\/\/www.kursaal.eus\/fr\/kursaal\/programme-enbaxadore\/enbaxadore-2021-3\/\">ENBAXADORE 2023<\/a><\/li><li class=\"current\"><a href=\"https:\/\/www.kursaal.eus\/fr\/kursaal\/programme-enbaxadore\/enbaxadore-2021-2\/\">ENBAXADORE 2026<\/a><\/li><\/ul>\n<ul style=\"margin: 0; padding: 0;\">\n<li><\/li>\n<\/ul>\n<\/div>\n<\/div>\n<div class=\"row\">\n<div class=\"col-md-12\">\n<p><strong>Los nuevos embajadores<\/strong><\/p>\n<table class=\"table\">\n<tbody>\n<tr>\n<td width=\"179\"><span style=\"font-weight: 400;\">Ricardo D\u00edez Mui\u00f1o<\/span><\/td>\n<td width=\"472\">INTERNATIONAL QUANTUM MATTER CONFERENCE (QUANTUMATTER) 2024<br \/>\nINTERNATIONAL CONFERENCE ON ARTIFICIAL INTELLIGENCE AND ADVANCED MANUFACTURING (AI4AM) 2025<\/td>\n<td><span style=\"font-weight: 400;\">Donostia International Physics Centre (DIPC)<\/span><\/td>\n<\/tr>\n<tr>\n<td width=\"179\">Aitziber L\u00f3pez Cortajarena<\/td>\n<td width=\"472\">EUROPEAN SOUTH ATLANTIC BIOPHYSICS CONGRESS (ESAB) 2024<\/td>\n<td><span style=\"font-weight: 400;\">CIC biomaGUNE<\/span><\/td>\n<\/tr>\n<tr>\n<td width=\"179\"><span style=\"font-weight: 400;\">Andreas Seifert<\/span><\/td>\n<td width=\"472\">IEEE\/LEOS OPTICAL MEMS AND NANOPHOTONICS (OMN) 2024<\/td>\n<td><span style=\"font-weight: 400;\">CIC nanoGUNE<\/span><\/td>\n<\/tr>\n<tr>\n<td width=\"179\"><span style=\"font-weight: 400;\">Antje Stoehr <\/span><\/td>\n<td width=\"472\">INTERNATIONAL SYMPOSIUM ON BILINGUALISM (ISB) 2025<\/td>\n<td><span style=\"font-weight: 400;\">Basque Center on Cognition, Brain and Language (BCBL)<\/span><\/td>\n<\/tr>\n<tr>\n<td width=\"179\"><span style=\"font-weight: 400;\">Claire Tonnel\u00e9<\/span><\/td>\n<td width=\"472\">SYMPOSIUM ON COMPUTING CONJUGATED COMPOUNDS (CPIC-14) 2024<\/td>\n<td>Donostia International Physics Centre (DIPC)<\/td>\n<\/tr>\n<tr>\n<td width=\"179\"><span style=\"font-weight: 400;\">Aran Garc\u00eda-Lekue<\/span><\/td>\n<td width=\"472\">GRAPHENE CONFERENCE 2025<\/td>\n<td><span style=\"font-weight: 400;\">Donostia International Physics Centre (DIPC)<\/span><\/td>\n<\/tr>\n<tr>\n<td width=\"179\"><span style=\"font-weight: 400;\">Clara Garc\u00eda Astrain<\/span><\/td>\n<td width=\"472\"><span style=\"font-weight: 400;\">XLVII CONGRESO INTERNACIONAL DE LA SOCIEDAD IB\u00c9RICA DE BIOMEC\u00c1NICA Y BIOMATERIALES 2025<\/span><\/td>\n<td><span style=\"font-weight: 400;\">POLYMAT<\/span><\/td>\n<\/tr>\n<tr>\n<td width=\"179\"><span style=\"font-weight: 400;\">Dorleta Jim\u00e9nez de Aberasturi Arranz<\/span><\/td>\n<td width=\"472\">XLVII CONGRESO INTERNACIONAL DE LA SOCIEDAD IB\u00c9RICA DE BIOMEC\u00c1NICA Y BIOMATERIALES 2025<\/td>\n<td><span style=\"font-weight: 400;\">CIC biomaGUNE<\/span><\/td>\n<\/tr>\n<tr>\n<td width=\"179\"><span style=\"font-weight: 400;\">Raquel Gonz\u00e1lez Miguel<\/span><\/td>\n<td width=\"472\">CONGRESO DE LA SOCIEDAD ESPA\u00d1OLA DE MEDICINA DE FAMILIA Y COMUNITARIA (SEMFYC) 2023<\/td>\n<td>Hospital Universitario Donostia<\/td>\n<\/tr>\n<tr>\n<td width=\"179\"><span style=\"font-weight: 400;\">Irene Diez Itza<\/span><\/td>\n<td width=\"472\">XI CONGRESO NACIONAL DE SUELO P\u00c9LVICO (SEGO) 2024<\/td>\n<td>Hospital Universitario Donostia<\/td>\n<\/tr>\n<tr>\n<td width=\"179\">\u00c1lvaro Iruin Sanz<\/td>\n<td width=\"472\">XXVII CONGRESO NACIONAL DE PSIQUIATR\u00cdA Y SALUD MENTAL (SEPSM) 2024<\/td>\n<td>BioGipuzkoa<\/td>\n<\/tr>\n<tr>\n<td width=\"179\">Javier Aritz Urcola Carrera<\/td>\n<td width=\"472\">19 CONGRESO DE LA SOCIEDAD ESPA\u00d1OLA DE GLAUCOMA (SEG) 2025<\/td>\n<td>Cl\u00ednica Begitek<\/td>\n<\/tr>\n<tr>\n<td width=\"179\">Irune Ruiz D\u00edaz<\/td>\n<td width=\"472\">CONGRESO NACIONAL DE LA SOCIEDAD ESPA\u00d1OLA DE ANATOM\u00cdA PATOL\u00d3GICA (SEAP-IAP) 2025<\/td>\n<td>Hospital Universitario Donostia<\/td>\n<\/tr>\n<tr>\n<td width=\"179\">Gotzone Urteaga Barreras<\/td>\n<td width=\"472\">II CONGRESO DE LA ASOCIACI\u00d3N DE MATRONAS DE EUSKADI Y XXXIII CONGRESO DE LA FEDERACI\u00d3N DE ASOCIACIONES DE MATRONAS DE ESPA\u00d1A (FAME) 2025<\/td>\n<td>Asociaci\u00f3n de Matronas de Euskadi<\/td>\n<\/tr>\n<tr>\n<td width=\"179\">Mikel Larreategi Arana<\/td>\n<td width=\"472\">PLONE CONFERENCE 2023<\/td>\n<td>CodeSyntax<\/td>\n<\/tr>\n<tr>\n<td width=\"179\">Rikardo Bueno Zabalo<\/td>\n<td width=\"472\">MANUFUTURE CONFERENCE 2023<\/td>\n<td>Basque Research and Technology Alliance (BRTA)<\/td>\n<\/tr>\n<tr>\n<td width=\"179\">Jos\u00e9 David N\u00fa\u00f1ez Gonz\u00e1lez<\/td>\n<td width=\"472\">EUROPEAN SIMULATION AND MODELLING CONFERENCE (ESM-ETI) 2024<\/td>\n<td>Escuela de Ingenier\u00eda de Gipuzkoa (UPV\/EHU)<\/td>\n<\/tr>\n<tr>\n<td width=\"179\">Santiago Miguel Olaizola Izquierdo<\/td>\n<td width=\"472\">INTERNATIONAL SYMPOSIUM ON LASER PRECISION MICROFABRICATION (LPM) 2024<\/td>\n<td>CEIT<\/td>\n<\/tr>\n<tr>\n<td width=\"179\">Haritz Sard\u00f3n Muguruza<\/td>\n<td width=\"472\">1st CONFERENCE SERIES ON ADDITIVE MANUFACTURING OF SOFT MATERIALS \u2013 3D ADDITIVE MANUFACTURING (3DAM) 2025<\/td>\n<td>Universidad del Pa\u00eds Vasco (UPV\/EHU)<\/td>\n<\/tr>\n<tr>\n<td width=\"179\">Javier Barriga<\/td>\n<td width=\"472\">LUBRICATION MANAGEMENT AND TECHNOLOGY CONFERENCE (LUBMAT) 2024<\/td>\n<td>Tekniker<\/td>\n<\/tr>\n<tr>\n<td width=\"179\">Andoni Aldekoa<\/td>\n<td width=\"472\">39th ANNUAL CONFERENCE OF CIRCOM REGIONAL 2023<\/td>\n<td>EITB<\/td>\n<\/tr>\n<tr>\n<td width=\"179\">Natalia Diez-Caballero Alonso<\/td>\n<td width=\"472\">\u00a0XIV CONGRESO NACIONAL DE FAMILIAS NUMEROSAS (FFNN) Y XI CONGRESO VASCO DE FAMILIAS NUMEROSAS (FFNN) 2024<\/td>\n<td>Hirukide<\/td>\n<\/tr>\n<tr>\n<td width=\"179\">Jokin Telleria Julian<\/td>\n<td width=\"472\">DANTZ NETWORK CONGRESS 2025<\/td>\n<td>\u00a0DANTZ<\/td>\n<\/tr>\n<tr>\n<td width=\"179\">I\u00f1aki Sagarna Urzelai<\/td>\n<td width=\"472\">BIENNIAL HEMINGWAY SOCIETY CONFERENCE 2024<\/td>\n<td>The Hemingway Society<\/td>\n<\/tr>\n<tr>\n<td width=\"179\">Jon Altuna Iraola<\/td>\n<td width=\"472\">EUROPEAN DUAL HIGHER EDUCATION CONFERENCE (EU4DUAL) 2025<\/td>\n<td>Mondragon Unibertsitatea<\/td>\n<\/tr>\n<tr>\n<td width=\"179\">Fernando P\u00e9rez Rodr\u00edguez<\/td>\n<td width=\"472\">INTERNATIONAL WATER ASSOCIATION WATER LOSS CONFERENCE (IWA) 2024<\/td>\n<td>Ayuntamiento de Donostia \/ San Sebasti\u00e1n<\/td>\n<\/tr>\n<tr>\n<td width=\"179\">Kepa Korta Murua<\/td>\n<td width=\"472\">PARLIAMENTARY ASSEMBLY OF THE COUNCIL OF EUROPE (PACE) 2025<\/td>\n<td>Oficina de Estrategia<\/td>\n<\/tr>\n<\/tbody>\n<\/table>\n<\/div>\n<\/div>\n","protected":false},"excerpt":{"rendered":"<p>El Programa Enbaxadore reconoce a nueve nuevos profesionales Programa promovido por San Sebasti\u00e1n Turismo &amp; Convention Bureau y Kursaal Donostia reconoce a 27 nuevas personas embajadoras, en el marco del programa Enbaxadore, una iniciativa impulsada [&hellip;]<\/p>\n","protected":false},"author":10000097,"featured_media":103537,"parent":2646,"menu_order":0,"comment_status":"closed","ping_status":"closed","template":"page-kursaal.php","meta":{"_acf_changed":false,"footnotes":""},"class_list":["post-103326","page","type-page","status-publish","has-post-thumbnail","hentry"],"acf":[],"yoast_head":"<!-- This site is optimized with the Yoast SEO plugin v27.0 - https:\/\/yoast.com\/product\/yoast-seo-wordpress\/ -->\n<title>ENBAXADORE 2026 - Kursaal Donostia - San Sebasti\u00e1n<\/title>\n<meta name=\"robots\" content=\"index, follow, max-snippet:-1, max-image-preview:large, max-video-preview:-1\" \/>\n<link rel=\"canonical\" href=\"https:\/\/www.kursaal.eus\/fr\/kursaal\/programme-enbaxadore\/enbaxadore-2021-2\/\" \/>\n<meta property=\"og:locale\" content=\"fr_FR\" \/>\n<meta property=\"og:type\" content=\"article\" \/>\n<meta property=\"og:title\" content=\"ENBAXADORE 2026 - Kursaal Donostia - San Sebasti\u00e1n\" \/>\n<meta property=\"og:description\" content=\"El Programa Enbaxadore reconoce a nueve nuevos profesionales Programa promovido por San Sebasti\u00e1n Turismo &amp; Convention Bureau y Kursaal Donostia reconoce a 27 nuevas personas embajadoras, en el marco del programa Enbaxadore, una iniciativa impulsada [&hellip;]\" \/>\n<meta property=\"og:url\" content=\"https:\/\/www.kursaal.eus\/fr\/kursaal\/programme-enbaxadore\/enbaxadore-2021-2\/\" \/>\n<meta property=\"og:site_name\" content=\"Kursaal Donostia - San Sebasti\u00e1n\" \/>\n<meta property=\"article:publisher\" content=\"https:\/\/www.facebook.com\/KursaalPalaciodeCongresosBiltzarJauregia\" \/>\n<meta property=\"article:modified_time\" content=\"2026-03-18T10:37:43+00:00\" \/>\n<meta property=\"og:image\" content=\"https:\/\/www.kursaal.eus\/wp-content\/uploads\/2026\/03\/Enbaxadoreak-RRSS-60-1-scaled.jpg\" \/>\n\t<meta property=\"og:image:width\" content=\"2560\" \/>\n\t<meta property=\"og:image:height\" content=\"1707\" \/>\n\t<meta property=\"og:image:type\" content=\"image\/jpeg\" \/>\n<meta name=\"twitter:label1\" content=\"Dur\u00e9e de lecture estim\u00e9e\" \/>\n\t<meta name=\"twitter:data1\" content=\"4 minutes\" \/>\n<script type=\"application\/ld+json\" class=\"yoast-schema-graph\">{\"@context\":\"https:\/\/schema.org\",\"@graph\":[{\"@type\":\"WebPage\",\"@id\":\"https:\/\/www.kursaal.eus\/fr\/kursaal\/programme-enbaxadore\/enbaxadore-2021-2\/\",\"url\":\"https:\/\/www.kursaal.eus\/fr\/kursaal\/programme-enbaxadore\/enbaxadore-2021-2\/\",\"name\":\"ENBAXADORE 2026 - Kursaal Donostia - San Sebasti\u00e1n\",\"isPartOf\":{\"@id\":\"https:\/\/www.kursaal.eus\/es\/#website\"},\"primaryImageOfPage\":{\"@id\":\"https:\/\/www.kursaal.eus\/fr\/kursaal\/programme-enbaxadore\/enbaxadore-2021-2\/#primaryimage\"},\"image\":{\"@id\":\"https:\/\/www.kursaal.eus\/fr\/kursaal\/programme-enbaxadore\/enbaxadore-2021-2\/#primaryimage\"},\"thumbnailUrl\":\"https:\/\/www.kursaal.eus\/wp-content\/uploads\/2026\/03\/Enbaxadoreak-RRSS-60-1-scaled.jpg\",\"datePublished\":\"2026-03-12T11:51:27+00:00\",\"dateModified\":\"2026-03-18T10:37:43+00:00\",\"breadcrumb\":{\"@id\":\"https:\/\/www.kursaal.eus\/fr\/kursaal\/programme-enbaxadore\/enbaxadore-2021-2\/#breadcrumb\"},\"inLanguage\":\"fr-FR\",\"potentialAction\":[{\"@type\":\"ReadAction\",\"target\":[\"https:\/\/www.kursaal.eus\/fr\/kursaal\/programme-enbaxadore\/enbaxadore-2021-2\/\"]}]},{\"@type\":\"ImageObject\",\"inLanguage\":\"fr-FR\",\"@id\":\"https:\/\/www.kursaal.eus\/fr\/kursaal\/programme-enbaxadore\/enbaxadore-2021-2\/#primaryimage\",\"url\":\"https:\/\/www.kursaal.eus\/wp-content\/uploads\/2026\/03\/Enbaxadoreak-RRSS-60-1-scaled.jpg\",\"contentUrl\":\"https:\/\/www.kursaal.eus\/wp-content\/uploads\/2026\/03\/Enbaxadoreak-RRSS-60-1-scaled.jpg\",\"width\":2560,\"height\":1707},{\"@type\":\"BreadcrumbList\",\"@id\":\"https:\/\/www.kursaal.eus\/fr\/kursaal\/programme-enbaxadore\/enbaxadore-2021-2\/#breadcrumb\",\"itemListElement\":[{\"@type\":\"ListItem\",\"position\":1,\"name\":\"Kursaal\",\"item\":\"https:\/\/www.kursaal.eus\/fr\/kursaal\/\"},{\"@type\":\"ListItem\",\"position\":2,\"name\":\"Programme Enbaxadore\",\"item\":\"https:\/\/www.kursaal.eus\/fr\/kursaal\/programme-enbaxadore\/\"},{\"@type\":\"ListItem\",\"position\":3,\"name\":\"ENBAXADORE 2026\"}]},{\"@type\":\"WebSite\",\"@id\":\"https:\/\/www.kursaal.eus\/es\/#website\",\"url\":\"https:\/\/www.kursaal.eus\/es\/\",\"name\":\"Kursaal Donostia - San Sebasti\u00e1n\",\"description\":\"Palacio de Congresos y Auditorio\",\"potentialAction\":[{\"@type\":\"SearchAction\",\"target\":{\"@type\":\"EntryPoint\",\"urlTemplate\":\"https:\/\/www.kursaal.eus\/es\/?s={search_term_string}\"},\"query-input\":{\"@type\":\"PropertyValueSpecification\",\"valueRequired\":true,\"valueName\":\"search_term_string\"}}],\"inLanguage\":\"fr-FR\"}]}<\/script>\n<!-- \/ Yoast SEO plugin. -->","yoast_head_json":{"title":"ENBAXADORE 2026 - Kursaal Donostia - San Sebasti\u00e1n","robots":{"index":"index","follow":"follow","max-snippet":"max-snippet:-1","max-image-preview":"max-image-preview:large","max-video-preview":"max-video-preview:-1"},"canonical":"https:\/\/www.kursaal.eus\/fr\/kursaal\/programme-enbaxadore\/enbaxadore-2021-2\/","og_locale":"fr_FR","og_type":"article","og_title":"ENBAXADORE 2026 - Kursaal Donostia - San Sebasti\u00e1n","og_description":"El Programa Enbaxadore reconoce a nueve nuevos profesionales Programa promovido por San Sebasti\u00e1n Turismo &amp; Convention Bureau y Kursaal Donostia reconoce a 27 nuevas personas embajadoras, en el marco del programa Enbaxadore, una iniciativa impulsada [&hellip;]","og_url":"https:\/\/www.kursaal.eus\/fr\/kursaal\/programme-enbaxadore\/enbaxadore-2021-2\/","og_site_name":"Kursaal Donostia - San Sebasti\u00e1n","article_publisher":"https:\/\/www.facebook.com\/KursaalPalaciodeCongresosBiltzarJauregia","article_modified_time":"2026-03-18T10:37:43+00:00","og_image":[{"width":2560,"height":1707,"url":"https:\/\/www.kursaal.eus\/wp-content\/uploads\/2026\/03\/Enbaxadoreak-RRSS-60-1-scaled.jpg","type":"image\/jpeg"}],"twitter_misc":{"Dur\u00e9e de lecture estim\u00e9e":"4 minutes"},"schema":{"@context":"https:\/\/schema.org","@graph":[{"@type":"WebPage","@id":"https:\/\/www.kursaal.eus\/fr\/kursaal\/programme-enbaxadore\/enbaxadore-2021-2\/","url":"https:\/\/www.kursaal.eus\/fr\/kursaal\/programme-enbaxadore\/enbaxadore-2021-2\/","name":"ENBAXADORE 2026 - Kursaal Donostia - San Sebasti\u00e1n","isPartOf":{"@id":"https:\/\/www.kursaal.eus\/es\/#website"},"primaryImageOfPage":{"@id":"https:\/\/www.kursaal.eus\/fr\/kursaal\/programme-enbaxadore\/enbaxadore-2021-2\/#primaryimage"},"image":{"@id":"https:\/\/www.kursaal.eus\/fr\/kursaal\/programme-enbaxadore\/enbaxadore-2021-2\/#primaryimage"},"thumbnailUrl":"https:\/\/www.kursaal.eus\/wp-content\/uploads\/2026\/03\/Enbaxadoreak-RRSS-60-1-scaled.jpg","datePublished":"2026-03-12T11:51:27+00:00","dateModified":"2026-03-18T10:37:43+00:00","breadcrumb":{"@id":"https:\/\/www.kursaal.eus\/fr\/kursaal\/programme-enbaxadore\/enbaxadore-2021-2\/#breadcrumb"},"inLanguage":"fr-FR","potentialAction":[{"@type":"ReadAction","target":["https:\/\/www.kursaal.eus\/fr\/kursaal\/programme-enbaxadore\/enbaxadore-2021-2\/"]}]},{"@type":"ImageObject","inLanguage":"fr-FR","@id":"https:\/\/www.kursaal.eus\/fr\/kursaal\/programme-enbaxadore\/enbaxadore-2021-2\/#primaryimage","url":"https:\/\/www.kursaal.eus\/wp-content\/uploads\/2026\/03\/Enbaxadoreak-RRSS-60-1-scaled.jpg","contentUrl":"https:\/\/www.kursaal.eus\/wp-content\/uploads\/2026\/03\/Enbaxadoreak-RRSS-60-1-scaled.jpg","width":2560,"height":1707},{"@type":"BreadcrumbList","@id":"https:\/\/www.kursaal.eus\/fr\/kursaal\/programme-enbaxadore\/enbaxadore-2021-2\/#breadcrumb","itemListElement":[{"@type":"ListItem","position":1,"name":"Kursaal","item":"https:\/\/www.kursaal.eus\/fr\/kursaal\/"},{"@type":"ListItem","position":2,"name":"Programme Enbaxadore","item":"https:\/\/www.kursaal.eus\/fr\/kursaal\/programme-enbaxadore\/"},{"@type":"ListItem","position":3,"name":"ENBAXADORE 2026"}]},{"@type":"WebSite","@id":"https:\/\/www.kursaal.eus\/es\/#website","url":"https:\/\/www.kursaal.eus\/es\/","name":"Kursaal Donostia - San Sebasti\u00e1n","description":"Palacio de Congresos y Auditorio","potentialAction":[{"@type":"SearchAction","target":{"@type":"EntryPoint","urlTemplate":"https:\/\/www.kursaal.eus\/es\/?s={search_term_string}"},"query-input":{"@type":"PropertyValueSpecification","valueRequired":true,"valueName":"search_term_string"}}],"inLanguage":"fr-FR"}]}},"_links":{"self":[{"href":"https:\/\/www.kursaal.eus\/fr\/wp-json\/wp\/v2\/pages\/103326","targetHints":{"allow":["GET"]}}],"collection":[{"href":"https:\/\/www.kursaal.eus\/fr\/wp-json\/wp\/v2\/pages"}],"about":[{"href":"https:\/\/www.kursaal.eus\/fr\/wp-json\/wp\/v2\/types\/page"}],"author":[{"embeddable":true,"href":"https:\/\/www.kursaal.eus\/fr\/wp-json\/wp\/v2\/users\/10000097"}],"replies":[{"embeddable":true,"href":"https:\/\/www.kursaal.eus\/fr\/wp-json\/wp\/v2\/comments?post=103326"}],"version-history":[{"count":3,"href":"https:\/\/www.kursaal.eus\/fr\/wp-json\/wp\/v2\/pages\/103326\/revisions"}],"predecessor-version":[{"id":103654,"href":"https:\/\/www.kursaal.eus\/fr\/wp-json\/wp\/v2\/pages\/103326\/revisions\/103654"}],"up":[{"embeddable":true,"href":"https:\/\/www.kursaal.eus\/fr\/wp-json\/wp\/v2\/pages\/2646"}],"wp:featuredmedia":[{"embeddable":true,"href":"https:\/\/www.kursaal.eus\/fr\/wp-json\/wp\/v2\/media\/103537"}],"wp:attachment":[{"href":"https:\/\/www.kursaal.eus\/fr\/wp-json\/wp\/v2\/media?parent=103326"}],"curies":[{"name":"wp","href":"https:\/\/api.w.org\/{rel}","templated":true}]}}