{"version":"1.0","provider_name":"Kursaal Donostia - San Sebasti\u00e1n","provider_url":"https:\/\/www.kursaal.eus\/fr\/","author_name":"Elixabete Elizetxea","author_url":"https:\/\/www.kursaal.eus\/fr\/author\/elixabete_elizetxea\/","title":"int\u00e9grale des symphonies de beethoven - Kursaal Donostia - San Sebasti\u00e1n","type":"rich","width":600,"height":338,"html":"<blockquote class=\"wp-embedded-content\" data-secret=\"RsZwHwY52F\"><a href=\"https:\/\/www.kursaal.eus\/fr\/agenda\/orquesta-de-los-campos-eliseos\/\">int\u00e9grale des symphonies de beethoven<\/a><\/blockquote><iframe sandbox=\"allow-scripts\" security=\"restricted\" src=\"https:\/\/www.kursaal.eus\/fr\/agenda\/orquesta-de-los-campos-eliseos\/embed\/#?secret=RsZwHwY52F\" width=\"600\" height=\"338\" title=\"\u00ab\u00a0int\u00e9grale des symphonies de beethoven\u00a0\u00bb &#8212; Kursaal Donostia - San Sebasti\u00e1n\" data-secret=\"RsZwHwY52F\" frameborder=\"0\" marginwidth=\"0\" marginheight=\"0\" scrolling=\"no\" class=\"wp-embedded-content\"><\/iframe><script type=\"text\/javascript\">\n\/* <![CDATA[ *\/\n\/*! This file is auto-generated *\/\n!function(d,l){\"use strict\";l.querySelector&&d.addEventListener&&\"undefined\"!=typeof URL&&(d.wp=d.wp||{},d.wp.receiveEmbedMessage||(d.wp.receiveEmbedMessage=function(e){var t=e.data;if((t||t.secret||t.message||t.value)&&!\/[^a-zA-Z0-9]\/.test(t.secret)){for(var s,r,n,a=l.querySelectorAll('iframe[data-secret=\"'+t.secret+'\"]'),o=l.querySelectorAll('blockquote[data-secret=\"'+t.secret+'\"]'),c=new RegExp(\"^https?:$\",\"i\"),i=0;i<o.length;i++)o[i].style.display=\"none\";for(i=0;i<a.length;i++)s=a[i],e.source===s.contentWindow&&(s.removeAttribute(\"style\"),\"height\"===t.message?(1e3<(r=parseInt(t.value,10))?r=1e3:~~r<200&&(r=200),s.height=r):\"link\"===t.message&&(r=new URL(s.getAttribute(\"src\")),n=new URL(t.value),c.test(n.protocol))&&n.host===r.host&&l.activeElement===s&&(d.top.location.href=t.value))}},d.addEventListener(\"message\",d.wp.receiveEmbedMessage,!1),l.addEventListener(\"DOMContentLoaded\",function(){for(var e,t,s=l.querySelectorAll(\"iframe.wp-embedded-content\"),r=0;r<s.length;r++)(t=(e=s[r]).getAttribute(\"data-secret\"))||(t=Math.random().toString(36).substring(2,12),e.src+=\"#?secret=\"+t,e.setAttribute(\"data-secret\",t)),e.contentWindow.postMessage({message:\"ready\",secret:t},\"*\")},!1)))}(window,document);\n\/\/# sourceURL=https:\/\/www.kursaal.eus\/wp-includes\/js\/wp-embed.min.js\n\/* ]]> *\/\n<\/script>\n","thumbnail_url":"https:\/\/www.kursaal.eus\/wp-content\/uploads\/2024\/11\/eliseos-1080x1080-1.jpg","thumbnail_width":1080,"thumbnail_height":1080,"description":"Philippe Herreweghe, l\u2019un des plus grands maestros du r\u00e9pertoire du XIX\u00e8me si\u00e8cle, et son Orchestre des Champs \u00c9lys\u00e9es est de retour \u00e0 Kursaal Eszena apr\u00e8s sa visite en juin 2023, pour continuer avec l\u2019interpr\u00e9tation de [&hellip;]"}