{"version":"1.0","provider_name":"Kursaal Donostia - San Sebasti\u00e1n","provider_url":"https:\/\/www.kursaal.eus\/fr\/","author_name":"Elixabete Elizetxea","author_url":"https:\/\/www.kursaal.eus\/fr\/author\/elixabete_elizetxea\/","title":"\"ORATORIO DE NAVIDAD\", BACH - Kursaal Donostia - San Sebasti\u00e1n","type":"rich","width":600,"height":338,"html":"<blockquote class=\"wp-embedded-content\" data-secret=\"FiwKGxziAu\"><a href=\"https:\/\/www.kursaal.eus\/fr\/agenda\/oratorio-de-navidad-bach-2\/\">\u00ab\u00a0ORATORIO DE NAVIDAD\u00a0\u00bb, BACH<\/a><\/blockquote><iframe sandbox=\"allow-scripts\" security=\"restricted\" src=\"https:\/\/www.kursaal.eus\/fr\/agenda\/oratorio-de-navidad-bach-2\/embed\/#?secret=FiwKGxziAu\" width=\"600\" height=\"338\" title=\"\u00ab\u00a0\u00ab\u00a0ORATORIO DE NAVIDAD\u00a0\u00bb, BACH\u00a0\u00bb &#8212; Kursaal Donostia - San Sebasti\u00e1n\" data-secret=\"FiwKGxziAu\" frameborder=\"0\" marginwidth=\"0\" marginheight=\"0\" scrolling=\"no\" class=\"wp-embedded-content\"><\/iframe><script type=\"text\/javascript\">\n\/* <![CDATA[ *\/\n\/*! This file is auto-generated *\/\n!function(d,l){\"use strict\";l.querySelector&&d.addEventListener&&\"undefined\"!=typeof URL&&(d.wp=d.wp||{},d.wp.receiveEmbedMessage||(d.wp.receiveEmbedMessage=function(e){var t=e.data;if((t||t.secret||t.message||t.value)&&!\/[^a-zA-Z0-9]\/.test(t.secret)){for(var s,r,n,a=l.querySelectorAll('iframe[data-secret=\"'+t.secret+'\"]'),o=l.querySelectorAll('blockquote[data-secret=\"'+t.secret+'\"]'),c=new RegExp(\"^https?:$\",\"i\"),i=0;i<o.length;i++)o[i].style.display=\"none\";for(i=0;i<a.length;i++)s=a[i],e.source===s.contentWindow&&(s.removeAttribute(\"style\"),\"height\"===t.message?(1e3<(r=parseInt(t.value,10))?r=1e3:~~r<200&&(r=200),s.height=r):\"link\"===t.message&&(r=new URL(s.getAttribute(\"src\")),n=new URL(t.value),c.test(n.protocol))&&n.host===r.host&&l.activeElement===s&&(d.top.location.href=t.value))}},d.addEventListener(\"message\",d.wp.receiveEmbedMessage,!1),l.addEventListener(\"DOMContentLoaded\",function(){for(var e,t,s=l.querySelectorAll(\"iframe.wp-embedded-content\"),r=0;r<s.length;r++)(t=(e=s[r]).getAttribute(\"data-secret\"))||(t=Math.random().toString(36).substring(2,12),e.src+=\"#?secret=\"+t,e.setAttribute(\"data-secret\",t)),e.contentWindow.postMessage({message:\"ready\",secret:t},\"*\")},!1)))}(window,document);\n\/\/# sourceURL=https:\/\/www.kursaal.eus\/wp-includes\/js\/wp-embed.min.js\n\/* ]]> *\/\n<\/script>\n","thumbnail_url":"https:\/\/www.kursaal.eus\/wp-content\/uploads\/2025\/10\/oratorio-872x336-1.jpg","thumbnail_width":872,"thumbnail_height":336,"description":"Un cl\u00e1sico que ilumina la temporada navide\u00f1a con esplendor y devoci\u00f3n. Bajo la batuta de Philippe Herreweghe, el Collegium Vocale Gent da vida al \u201cOratorio de Navidad\u201d de Bach, combinando claridad contrapunt\u00edstica, expresividad dram\u00e1tica y [&hellip;]"}