{"version":"1.0","provider_name":"Kursaal Donostia - San Sebasti\u00e1n","provider_url":"https:\/\/www.kursaal.eus\/fr\/","author_name":"Elixabete Elizetxea","author_url":"https:\/\/www.kursaal.eus\/fr\/author\/elixabete_elizetxea\/","title":"LES BALLETS DE MONTE-CARLO \"Cendrillon\" - Kursaal Donostia - San Sebasti\u00e1n","type":"rich","width":600,"height":338,"html":"<blockquote class=\"wp-embedded-content\" data-secret=\"asgDbZMuFn\"><a href=\"https:\/\/www.kursaal.eus\/fr\/agenda\/les-ballets-de-monte-carlo-la-cenicienta\/\">LES BALLETS DE MONTE-CARLO \u00ab\u00a0Cendrillon\u00a0\u00bb<\/a><\/blockquote><iframe sandbox=\"allow-scripts\" security=\"restricted\" src=\"https:\/\/www.kursaal.eus\/fr\/agenda\/les-ballets-de-monte-carlo-la-cenicienta\/embed\/#?secret=asgDbZMuFn\" width=\"600\" height=\"338\" title=\"\u00ab\u00a0LES BALLETS DE MONTE-CARLO \u00ab\u00a0Cendrillon\u00a0\u00bb\u00a0\u00bb &#8212; Kursaal Donostia - San Sebasti\u00e1n\" data-secret=\"asgDbZMuFn\" frameborder=\"0\" marginwidth=\"0\" marginheight=\"0\" scrolling=\"no\" class=\"wp-embedded-content\"><\/iframe><script type=\"text\/javascript\">\n\/* <![CDATA[ *\/\n\/*! This file is auto-generated *\/\n!function(d,l){\"use strict\";l.querySelector&&d.addEventListener&&\"undefined\"!=typeof URL&&(d.wp=d.wp||{},d.wp.receiveEmbedMessage||(d.wp.receiveEmbedMessage=function(e){var t=e.data;if((t||t.secret||t.message||t.value)&&!\/[^a-zA-Z0-9]\/.test(t.secret)){for(var s,r,n,a=l.querySelectorAll('iframe[data-secret=\"'+t.secret+'\"]'),o=l.querySelectorAll('blockquote[data-secret=\"'+t.secret+'\"]'),c=new RegExp(\"^https?:$\",\"i\"),i=0;i<o.length;i++)o[i].style.display=\"none\";for(i=0;i<a.length;i++)s=a[i],e.source===s.contentWindow&&(s.removeAttribute(\"style\"),\"height\"===t.message?(1e3<(r=parseInt(t.value,10))?r=1e3:~~r<200&&(r=200),s.height=r):\"link\"===t.message&&(r=new URL(s.getAttribute(\"src\")),n=new URL(t.value),c.test(n.protocol))&&n.host===r.host&&l.activeElement===s&&(d.top.location.href=t.value))}},d.addEventListener(\"message\",d.wp.receiveEmbedMessage,!1),l.addEventListener(\"DOMContentLoaded\",function(){for(var e,t,s=l.querySelectorAll(\"iframe.wp-embedded-content\"),r=0;r<s.length;r++)(t=(e=s[r]).getAttribute(\"data-secret\"))||(t=Math.random().toString(36).substring(2,12),e.src+=\"#?secret=\"+t,e.setAttribute(\"data-secret\",t)),e.contentWindow.postMessage({message:\"ready\",secret:t},\"*\")},!1)))}(window,document);\n\/\/# sourceURL=https:\/\/www.kursaal.eus\/wp-includes\/js\/wp-embed.min.js\n\/* ]]> *\/\n<\/script>\n","thumbnail_url":"https:\/\/www.kursaal.eus\/wp-content\/uploads\/2023\/12\/ballet-1080x1080-2.jpg","thumbnail_width":1080,"thumbnail_height":1080,"description":"Dans cette production, Jean-Christophe Maillot, chor\u00e9graphe et directeur des Ballets de Monte Carlo, reprend le c\u00e9l\u00e8bre conte de Perrault et le d\u00e9pouille de sa douceur traditionnelle, offrant une perspective \u00e9mouvante de la fa\u00e7on dont les [&hellip;]"}