{"version":"1.0","provider_name":"Kursaal Donostia - San Sebasti\u00e1n","provider_url":"https:\/\/www.kursaal.eus\/fr\/","author_name":"itziar_larranaga","author_url":"https:\/\/www.kursaal.eus\/fr\/author\/auria_etxeandia\/","title":"Compa\u00f1ia Nacional de Danza \"GISELLE\" - Kursaal Donostia - San Sebasti\u00e1n","type":"rich","width":600,"height":338,"html":"<blockquote class=\"wp-embedded-content\" data-secret=\"ouc9oHvopm\"><a href=\"https:\/\/www.kursaal.eus\/fr\/agenda\/compania-nacional-de-danza-giselle\/\">Compa\u00f1ia Nacional de Danza \u00ab\u00a0GISELLE\u00a0\u00bb<\/a><\/blockquote><iframe sandbox=\"allow-scripts\" security=\"restricted\" src=\"https:\/\/www.kursaal.eus\/fr\/agenda\/compania-nacional-de-danza-giselle\/embed\/#?secret=ouc9oHvopm\" width=\"600\" height=\"338\" title=\"\u00ab\u00a0Compa\u00f1ia Nacional de Danza \u00ab\u00a0GISELLE\u00a0\u00bb\u00a0\u00bb &#8212; Kursaal Donostia - San Sebasti\u00e1n\" data-secret=\"ouc9oHvopm\" frameborder=\"0\" marginwidth=\"0\" marginheight=\"0\" scrolling=\"no\" class=\"wp-embedded-content\"><\/iframe><script type=\"text\/javascript\">\n\/* <![CDATA[ *\/\n\/*! This file is auto-generated *\/\n!function(d,l){\"use strict\";l.querySelector&&d.addEventListener&&\"undefined\"!=typeof URL&&(d.wp=d.wp||{},d.wp.receiveEmbedMessage||(d.wp.receiveEmbedMessage=function(e){var t=e.data;if((t||t.secret||t.message||t.value)&&!\/[^a-zA-Z0-9]\/.test(t.secret)){for(var s,r,n,a=l.querySelectorAll('iframe[data-secret=\"'+t.secret+'\"]'),o=l.querySelectorAll('blockquote[data-secret=\"'+t.secret+'\"]'),c=new RegExp(\"^https?:$\",\"i\"),i=0;i<o.length;i++)o[i].style.display=\"none\";for(i=0;i<a.length;i++)s=a[i],e.source===s.contentWindow&&(s.removeAttribute(\"style\"),\"height\"===t.message?(1e3<(r=parseInt(t.value,10))?r=1e3:~~r<200&&(r=200),s.height=r):\"link\"===t.message&&(r=new URL(s.getAttribute(\"src\")),n=new URL(t.value),c.test(n.protocol))&&n.host===r.host&&l.activeElement===s&&(d.top.location.href=t.value))}},d.addEventListener(\"message\",d.wp.receiveEmbedMessage,!1),l.addEventListener(\"DOMContentLoaded\",function(){for(var e,t,s=l.querySelectorAll(\"iframe.wp-embedded-content\"),r=0;r<s.length;r++)(t=(e=s[r]).getAttribute(\"data-secret\"))||(t=Math.random().toString(36).substring(2,12),e.src+=\"#?secret=\"+t,e.setAttribute(\"data-secret\",t)),e.contentWindow.postMessage({message:\"ready\",secret:t},\"*\")},!1)))}(window,document);\n\/\/# sourceURL=https:\/\/www.kursaal.eus\/wp-includes\/js\/wp-embed.min.js\n\/* ]]> *\/\n<\/script>\n","thumbnail_url":"https:\/\/www.kursaal.eus\/wp-content\/uploads\/2021\/12\/Gisell-1080-x-1080jpg.jpg","thumbnail_width":567,"thumbnail_height":567,"description":"La Compa\u00f1\u00eda Nacional de Danza pr\u00e9sente une nouvelle version de Giselle vue \u00e0 travers le romanticisme espagnol. Sans refuser aux \u00e9l\u00e9ments qui ont fait de cette \u0153uvre un des sommets de la danse classique, dans [&hellip;]"}