{"version":"1.0","provider_name":"Kursaal Donostia - San Sebasti\u00e1n","provider_url":"https:\/\/www.kursaal.eus\/fr\/","author_name":"itziar_larranaga","author_url":"https:\/\/www.kursaal.eus\/fr\/author\/auria_etxeandia\/","title":"Amaia - Kursaal Donostia - San Sebasti\u00e1n","type":"rich","width":600,"height":338,"html":"<blockquote class=\"wp-embedded-content\" data-secret=\"QeycPJblCP\"><a href=\"https:\/\/www.kursaal.eus\/fr\/agenda\/amaia-nueva-fecha-1930\/\">Amaia<\/a><\/blockquote><iframe sandbox=\"allow-scripts\" security=\"restricted\" src=\"https:\/\/www.kursaal.eus\/fr\/agenda\/amaia-nueva-fecha-1930\/embed\/#?secret=QeycPJblCP\" width=\"600\" height=\"338\" title=\"\u00ab\u00a0Amaia\u00a0\u00bb &#8212; Kursaal Donostia - San Sebasti\u00e1n\" data-secret=\"QeycPJblCP\" frameborder=\"0\" marginwidth=\"0\" marginheight=\"0\" scrolling=\"no\" class=\"wp-embedded-content\"><\/iframe><script type=\"text\/javascript\">\n\/* <![CDATA[ *\/\n\/*! This file is auto-generated *\/\n!function(d,l){\"use strict\";l.querySelector&&d.addEventListener&&\"undefined\"!=typeof URL&&(d.wp=d.wp||{},d.wp.receiveEmbedMessage||(d.wp.receiveEmbedMessage=function(e){var t=e.data;if((t||t.secret||t.message||t.value)&&!\/[^a-zA-Z0-9]\/.test(t.secret)){for(var s,r,n,a=l.querySelectorAll('iframe[data-secret=\"'+t.secret+'\"]'),o=l.querySelectorAll('blockquote[data-secret=\"'+t.secret+'\"]'),c=new RegExp(\"^https?:$\",\"i\"),i=0;i<o.length;i++)o[i].style.display=\"none\";for(i=0;i<a.length;i++)s=a[i],e.source===s.contentWindow&&(s.removeAttribute(\"style\"),\"height\"===t.message?(1e3<(r=parseInt(t.value,10))?r=1e3:~~r<200&&(r=200),s.height=r):\"link\"===t.message&&(r=new URL(s.getAttribute(\"src\")),n=new URL(t.value),c.test(n.protocol))&&n.host===r.host&&l.activeElement===s&&(d.top.location.href=t.value))}},d.addEventListener(\"message\",d.wp.receiveEmbedMessage,!1),l.addEventListener(\"DOMContentLoaded\",function(){for(var e,t,s=l.querySelectorAll(\"iframe.wp-embedded-content\"),r=0;r<s.length;r++)(t=(e=s[r]).getAttribute(\"data-secret\"))||(t=Math.random().toString(36).substring(2,12),e.src+=\"#?secret=\"+t,e.setAttribute(\"data-secret\",t)),e.contentWindow.postMessage({message:\"ready\",secret:t},\"*\")},!1)))}(window,document);\n\/\/# sourceURL=https:\/\/www.kursaal.eus\/wp-includes\/js\/wp-embed.min.js\n\/* ]]> *\/\n<\/script>\n","thumbnail_url":"https:\/\/www.kursaal.eus\/wp-content\/uploads\/2022\/03\/KE_amaia.jpg","thumbnail_width":1080,"thumbnail_height":1080,"description":"Amaia, n\u00e9e comme une des artistes les plus brillantes de la sc\u00e8ne pop en Espagne, entame une nouvelle \u00e9tape marqu\u00e9e par une \u00e9volution personnelle et sonore. Elle pr\u00e9sente dans le Kursaal son nouvel album qui [&hellip;]"}