{"id":816,"date":"2014-11-28T11:19:03","date_gmt":"2014-11-28T11:19:03","guid":{"rendered":"http:\/\/www.kursaal.eus\/?page_id=816"},"modified":"2021-11-29T14:46:15","modified_gmt":"2021-11-29T14:46:15","slug":"enbaxadore-2014","status":"publish","type":"page","link":"https:\/\/www.kursaal.eus\/eu\/kursaal-kongresu-jauregia\/enbaxadore-programa\/enbaxadore-2014\/","title":{"rendered":"Enbaxadore 2014"},"content":{"rendered":"<div class=\"row\">\n<div class=\"col-md-5\">\n<p><a href=\"http:\/\/www.kursaal.eus\/eu\/kursaal-kongresu-jauregia\/enbaxadore-programa\/\">Enbaxadore\u00a0programak<\/a> 6 enbaxadore berri izendatu ditu Kursaalen ospatutako ekitaldi batean. Gipuzkoara kongresuak erakartzeko egindako lanarengatik Josu Franco Iriarte, Mamen Moneo Ormazabal, Juan Jos\u00e9 Calvo Aguirre, Pilar Marco Garde, Mar\u00eda Dolores OlaizolaAndonegui eta Amaia Goena enbaxadore izendatuak izan dira. Kursaal eta Donostia Turismoa &amp; Convention Bureauk, programaren sustatzaileak, sei bereizgarri berri eman dituzte Donostia eta Gipuzkoa ekitaldi estatal eta internazionalen egoitza bihurtzea lortu duten pertsonei eskerrak emateko.<\/p>\n<p>Sei pertsona hauek, dagoeneko enbaxadoreen ohorezko klubaren parte diren beste 29ri gehituko dira. Hautagaitza aurkeztu eta kongresu baten antolakuntza beraien gain hartzen dutenean egindako ahalegina azpimarratu nahi dute Kursaalek eta Convention Bureauk. Izan ere, haiek egindako lanak onura ugari ekartzen dizkio gure gizarteari, bai ekonomian, baita ezagutza sortu eta hedatzeko zereginean ere.<\/p>\n<p>Gainera, programa honek, Donostia biltzarretarako hiria den aldetik, estatu mailan eta nazioartean ezagunagoa izatea du helburu, etorkizunari begira hiriak gero eta ekitaldi gehiago har ditzan. Enbaxadore programak aparteko elkarte batean biltzen ditu Donostiako hirira kongresuak erakartzearen alde egindako lanagatik nabarmentzen diren hainbat profesional.<\/p>\n<\/div>\n<div class=\"col-md-5\">\n<p>Gaur zerrendara batu diren sei enbaxadoreak honako hauek dira:<\/p>\n<p><strong>Josu Franco Iriarte<\/strong>, Cl\u00ednica Virgen del Pilar-koa, Congreso de la Asociaci\u00f3n Espa\u00f1ola para el estudio de la Biolog\u00eda de la Reproducci\u00f3n (ASEBIR) biltzarraren erakarpenan egindako lanarengatik<\/p>\n<p><strong>Juan Jos\u00e9 Calvo Aguirre<\/strong>, Asociaci\u00f3n Vasca de Geriatr\u00eda y Gerontolog\u00eda \u2013 Zahartzaroakoa, Congreso Nacional de la Sociedad Espa\u00f1ola de Geriatr\u00eda y Gerontolog\u00eda (SEGG) biltzarraren erakarpenan egindako lanarengatik..<\/p>\n<p><strong>Mamen Moneo Ormazabal<\/strong>, Sindicato de T\u00e9cnicos de Enfermer\u00eda (SAE)-koa, Congreso Nacional de T\u00e9cnicos en Cuidados de Enfermer\u00eda \/ Auxiliares de Enfermer\u00eda &#8211; TCE \/ AE biltzarraren erakarpenan egindako lanarengatik<\/p>\n<p><strong>Pilar Marco Garde<\/strong>, Donostiako Unibertsitate Ospitalekoa, Congreso de la Sociedad Espa\u00f1ola de Medicina Intensiva, Cr\u00edtica y Unidades Coronarias (SEMICYUC) biltzarraren erakarpenan egindako lanarengatik.<\/p>\n<p><strong>Mar\u00eda Dolores Olaizola<\/strong>, Cl\u00ednica Ortodoncia Mar\u00eda Dolores Olaizola-koa, eta<strong>\u00a0Amaia Goena<\/strong>, Cl\u00ednica Ortodoncia Amaia Goena-koa, \u00a0Congr\u00e8s Europ\u00e9en des Orthodontistes (CEO) biltzarraren erakarpenan egindako lanarengatik.<\/p>\n<\/div>\n<div class=\"col-md-2\">\n<p><a href=\"http:\/\/www.kursaal.eus\/eu\/2015\/01\/fotos-enbaxadore-2014\/\"><img loading=\"lazy\" decoding=\"async\" class=\"alignnone size-full wp-image-334\" src=\"http:\/\/www.kursaal.eus\/wp-content\/uploads\/2014\/08\/fotos.png\" alt=\"fotos\" width=\"32\" height=\"32\" \/><\/a><\/p>\n<div><strong>\u00a0<\/strong><\/div>\n<div><ul class=\"_menu-interno_ submenu  mayusculas\"><li><a href=\"https:\/\/www.kursaal.eus\/eu\/kursaal-kongresu-jauregia\/enbaxadore-programa\/enbaxadore-2012\/\">Enbaxadore 2012<\/a><\/li><li class=\"current\"><a href=\"https:\/\/www.kursaal.eus\/eu\/kursaal-kongresu-jauregia\/enbaxadore-programa\/enbaxadore-2014\/\">Enbaxadore 2014<\/a><\/li><li><a href=\"https:\/\/www.kursaal.eus\/eu\/kursaal-kongresu-jauregia\/enbaxadore-programa\/enbaxadore-2015\/\">Enbaxadore 2015<\/a><\/li><li><a href=\"https:\/\/www.kursaal.eus\/eu\/kursaal-kongresu-jauregia\/enbaxadore-programa\/enbaxadore-2017\/\">Enbaxadore 2017<\/a><\/li><li><a href=\"https:\/\/www.kursaal.eus\/eu\/kursaal-kongresu-jauregia\/enbaxadore-programa\/enbaxadore-2018\/\">Enbaxadore 2018<\/a><\/li><li><a href=\"https:\/\/www.kursaal.eus\/eu\/kursaal-kongresu-jauregia\/enbaxadore-programa\/enbaxadore-2015-2\/\">Enbaxadore 2018<\/a><\/li><li><a href=\"https:\/\/www.kursaal.eus\/eu\/kursaal-kongresu-jauregia\/enbaxadore-programa\/enbaxadore-2021\/\">Enbaxadore 2021<\/a><\/li><li><a href=\"https:\/\/www.kursaal.eus\/eu\/kursaal-kongresu-jauregia\/enbaxadore-programa\/enbaxadore-2021-3\/\">Enbaxadore 2023<\/a><\/li><li><a href=\"https:\/\/www.kursaal.eus\/eu\/kursaal-kongresu-jauregia\/enbaxadore-programa\/enbaxadore-2021-2\/\">Enbaxadore 2026<\/a><\/li><\/ul><\/div>\n<\/div>\n<\/div>\n","protected":false},"excerpt":{"rendered":"<p>Enbaxadore\u00a0programak 6 enbaxadore berri izendatu ditu Kursaalen ospatutako ekitaldi batean. Gipuzkoara kongresuak erakartzeko egindako lanarengatik Josu Franco Iriarte, Mamen Moneo Ormazabal, Juan Jos\u00e9 Calvo Aguirre, Pilar Marco Garde, Mar\u00eda Dolores OlaizolaAndonegui eta Amaia Goena enbaxadore [&hellip;]<\/p>\n","protected":false},"author":10000095,"featured_media":1272,"parent":798,"menu_order":0,"comment_status":"open","ping_status":"open","template":"page-kursaal.php","meta":{"_acf_changed":false,"footnotes":""},"class_list":["post-816","page","type-page","status-publish","has-post-thumbnail","hentry"],"acf":[],"yoast_head":"<!-- This site is optimized with the Yoast SEO plugin v27.0 - https:\/\/yoast.com\/product\/yoast-seo-wordpress\/ -->\n<title>Enbaxadore 2014 - Kursaal Donostia - San Sebasti\u00e1n<\/title>\n<meta name=\"robots\" content=\"index, follow, max-snippet:-1, max-image-preview:large, max-video-preview:-1\" \/>\n<link rel=\"canonical\" href=\"https:\/\/www.kursaal.eus\/eu\/kursaal-kongresu-jauregia\/enbaxadore-programa\/enbaxadore-2014\/\" \/>\n<meta property=\"og:locale\" content=\"en_US\" \/>\n<meta property=\"og:type\" content=\"article\" \/>\n<meta property=\"og:title\" content=\"Enbaxadore 2014 - Kursaal Donostia - San Sebasti\u00e1n\" \/>\n<meta property=\"og:description\" content=\"Enbaxadore\u00a0programak 6 enbaxadore berri izendatu ditu Kursaalen ospatutako ekitaldi batean. Gipuzkoara kongresuak erakartzeko egindako lanarengatik Josu Franco Iriarte, Mamen Moneo Ormazabal, Juan Jos\u00e9 Calvo Aguirre, Pilar Marco Garde, Mar\u00eda Dolores OlaizolaAndonegui eta Amaia Goena enbaxadore [&hellip;]\" \/>\n<meta property=\"og:url\" content=\"https:\/\/www.kursaal.eus\/eu\/kursaal-kongresu-jauregia\/enbaxadore-programa\/enbaxadore-2014\/\" \/>\n<meta property=\"og:site_name\" content=\"Kursaal Donostia - San Sebasti\u00e1n\" \/>\n<meta property=\"article:publisher\" content=\"https:\/\/www.facebook.com\/KursaalPalaciodeCongresosBiltzarJauregia\" \/>\n<meta property=\"article:modified_time\" content=\"2021-11-29T14:46:15+00:00\" \/>\n<meta property=\"og:image\" content=\"https:\/\/www.kursaal.eus\/wp-content\/uploads\/2014\/11\/13266293445_84d4463e40_o2.jpg\" \/>\n\t<meta property=\"og:image:width\" content=\"1172\" \/>\n\t<meta property=\"og:image:height\" content=\"330\" \/>\n\t<meta property=\"og:image:type\" content=\"image\/jpeg\" \/>\n<meta name=\"twitter:label1\" content=\"Est. reading time\" \/>\n\t<meta name=\"twitter:data1\" content=\"2 minutua\" \/>\n<script type=\"application\/ld+json\" class=\"yoast-schema-graph\">{\"@context\":\"https:\/\/schema.org\",\"@graph\":[{\"@type\":\"WebPage\",\"@id\":\"https:\/\/www.kursaal.eus\/eu\/kursaal-kongresu-jauregia\/enbaxadore-programa\/enbaxadore-2014\/\",\"url\":\"https:\/\/www.kursaal.eus\/eu\/kursaal-kongresu-jauregia\/enbaxadore-programa\/enbaxadore-2014\/\",\"name\":\"Enbaxadore 2014 - Kursaal Donostia - San Sebasti\u00e1n\",\"isPartOf\":{\"@id\":\"https:\/\/www.kursaal.eus\/es\/#website\"},\"primaryImageOfPage\":{\"@id\":\"https:\/\/www.kursaal.eus\/eu\/kursaal-kongresu-jauregia\/enbaxadore-programa\/enbaxadore-2014\/#primaryimage\"},\"image\":{\"@id\":\"https:\/\/www.kursaal.eus\/eu\/kursaal-kongresu-jauregia\/enbaxadore-programa\/enbaxadore-2014\/#primaryimage\"},\"thumbnailUrl\":\"https:\/\/www.kursaal.eus\/wp-content\/uploads\/2014\/11\/13266293445_84d4463e40_o2.jpg\",\"datePublished\":\"2014-11-28T11:19:03+00:00\",\"dateModified\":\"2021-11-29T14:46:15+00:00\",\"breadcrumb\":{\"@id\":\"https:\/\/www.kursaal.eus\/eu\/kursaal-kongresu-jauregia\/enbaxadore-programa\/enbaxadore-2014\/#breadcrumb\"},\"inLanguage\":\"eu\",\"potentialAction\":[{\"@type\":\"ReadAction\",\"target\":[\"https:\/\/www.kursaal.eus\/eu\/kursaal-kongresu-jauregia\/enbaxadore-programa\/enbaxadore-2014\/\"]}]},{\"@type\":\"ImageObject\",\"inLanguage\":\"eu\",\"@id\":\"https:\/\/www.kursaal.eus\/eu\/kursaal-kongresu-jauregia\/enbaxadore-programa\/enbaxadore-2014\/#primaryimage\",\"url\":\"https:\/\/www.kursaal.eus\/wp-content\/uploads\/2014\/11\/13266293445_84d4463e40_o2.jpg\",\"contentUrl\":\"https:\/\/www.kursaal.eus\/wp-content\/uploads\/2014\/11\/13266293445_84d4463e40_o2.jpg\",\"width\":1172,\"height\":330},{\"@type\":\"BreadcrumbList\",\"@id\":\"https:\/\/www.kursaal.eus\/eu\/kursaal-kongresu-jauregia\/enbaxadore-programa\/enbaxadore-2014\/#breadcrumb\",\"itemListElement\":[{\"@type\":\"ListItem\",\"position\":1,\"name\":\"Kursaal\",\"item\":\"https:\/\/www.kursaal.eus\/eu\/kursaal-kongresu-jauregia\/\"},{\"@type\":\"ListItem\",\"position\":2,\"name\":\"Enbaxadore Programa\",\"item\":\"https:\/\/www.kursaal.eus\/eu\/kursaal-kongresu-jauregia\/enbaxadore-programa\/\"},{\"@type\":\"ListItem\",\"position\":3,\"name\":\"Enbaxadore 2014\"}]},{\"@type\":\"WebSite\",\"@id\":\"https:\/\/www.kursaal.eus\/es\/#website\",\"url\":\"https:\/\/www.kursaal.eus\/es\/\",\"name\":\"Kursaal Donostia - San Sebasti\u00e1n\",\"description\":\"Palacio de Congresos y Auditorio\",\"potentialAction\":[{\"@type\":\"SearchAction\",\"target\":{\"@type\":\"EntryPoint\",\"urlTemplate\":\"https:\/\/www.kursaal.eus\/es\/?s={search_term_string}\"},\"query-input\":{\"@type\":\"PropertyValueSpecification\",\"valueRequired\":true,\"valueName\":\"search_term_string\"}}],\"inLanguage\":\"eu\"}]}<\/script>\n<!-- \/ Yoast SEO plugin. -->","yoast_head_json":{"title":"Enbaxadore 2014 - Kursaal Donostia - San Sebasti\u00e1n","robots":{"index":"index","follow":"follow","max-snippet":"max-snippet:-1","max-image-preview":"max-image-preview:large","max-video-preview":"max-video-preview:-1"},"canonical":"https:\/\/www.kursaal.eus\/eu\/kursaal-kongresu-jauregia\/enbaxadore-programa\/enbaxadore-2014\/","og_locale":"en_US","og_type":"article","og_title":"Enbaxadore 2014 - Kursaal Donostia - San Sebasti\u00e1n","og_description":"Enbaxadore\u00a0programak 6 enbaxadore berri izendatu ditu Kursaalen ospatutako ekitaldi batean. Gipuzkoara kongresuak erakartzeko egindako lanarengatik Josu Franco Iriarte, Mamen Moneo Ormazabal, Juan Jos\u00e9 Calvo Aguirre, Pilar Marco Garde, Mar\u00eda Dolores OlaizolaAndonegui eta Amaia Goena enbaxadore [&hellip;]","og_url":"https:\/\/www.kursaal.eus\/eu\/kursaal-kongresu-jauregia\/enbaxadore-programa\/enbaxadore-2014\/","og_site_name":"Kursaal Donostia - San Sebasti\u00e1n","article_publisher":"https:\/\/www.facebook.com\/KursaalPalaciodeCongresosBiltzarJauregia","article_modified_time":"2021-11-29T14:46:15+00:00","og_image":[{"width":1172,"height":330,"url":"https:\/\/www.kursaal.eus\/wp-content\/uploads\/2014\/11\/13266293445_84d4463e40_o2.jpg","type":"image\/jpeg"}],"twitter_misc":{"Est. reading time":"2 minutua"},"schema":{"@context":"https:\/\/schema.org","@graph":[{"@type":"WebPage","@id":"https:\/\/www.kursaal.eus\/eu\/kursaal-kongresu-jauregia\/enbaxadore-programa\/enbaxadore-2014\/","url":"https:\/\/www.kursaal.eus\/eu\/kursaal-kongresu-jauregia\/enbaxadore-programa\/enbaxadore-2014\/","name":"Enbaxadore 2014 - Kursaal Donostia - San Sebasti\u00e1n","isPartOf":{"@id":"https:\/\/www.kursaal.eus\/es\/#website"},"primaryImageOfPage":{"@id":"https:\/\/www.kursaal.eus\/eu\/kursaal-kongresu-jauregia\/enbaxadore-programa\/enbaxadore-2014\/#primaryimage"},"image":{"@id":"https:\/\/www.kursaal.eus\/eu\/kursaal-kongresu-jauregia\/enbaxadore-programa\/enbaxadore-2014\/#primaryimage"},"thumbnailUrl":"https:\/\/www.kursaal.eus\/wp-content\/uploads\/2014\/11\/13266293445_84d4463e40_o2.jpg","datePublished":"2014-11-28T11:19:03+00:00","dateModified":"2021-11-29T14:46:15+00:00","breadcrumb":{"@id":"https:\/\/www.kursaal.eus\/eu\/kursaal-kongresu-jauregia\/enbaxadore-programa\/enbaxadore-2014\/#breadcrumb"},"inLanguage":"eu","potentialAction":[{"@type":"ReadAction","target":["https:\/\/www.kursaal.eus\/eu\/kursaal-kongresu-jauregia\/enbaxadore-programa\/enbaxadore-2014\/"]}]},{"@type":"ImageObject","inLanguage":"eu","@id":"https:\/\/www.kursaal.eus\/eu\/kursaal-kongresu-jauregia\/enbaxadore-programa\/enbaxadore-2014\/#primaryimage","url":"https:\/\/www.kursaal.eus\/wp-content\/uploads\/2014\/11\/13266293445_84d4463e40_o2.jpg","contentUrl":"https:\/\/www.kursaal.eus\/wp-content\/uploads\/2014\/11\/13266293445_84d4463e40_o2.jpg","width":1172,"height":330},{"@type":"BreadcrumbList","@id":"https:\/\/www.kursaal.eus\/eu\/kursaal-kongresu-jauregia\/enbaxadore-programa\/enbaxadore-2014\/#breadcrumb","itemListElement":[{"@type":"ListItem","position":1,"name":"Kursaal","item":"https:\/\/www.kursaal.eus\/eu\/kursaal-kongresu-jauregia\/"},{"@type":"ListItem","position":2,"name":"Enbaxadore Programa","item":"https:\/\/www.kursaal.eus\/eu\/kursaal-kongresu-jauregia\/enbaxadore-programa\/"},{"@type":"ListItem","position":3,"name":"Enbaxadore 2014"}]},{"@type":"WebSite","@id":"https:\/\/www.kursaal.eus\/es\/#website","url":"https:\/\/www.kursaal.eus\/es\/","name":"Kursaal Donostia - San Sebasti\u00e1n","description":"Palacio de Congresos y Auditorio","potentialAction":[{"@type":"SearchAction","target":{"@type":"EntryPoint","urlTemplate":"https:\/\/www.kursaal.eus\/es\/?s={search_term_string}"},"query-input":{"@type":"PropertyValueSpecification","valueRequired":true,"valueName":"search_term_string"}}],"inLanguage":"eu"}]}},"_links":{"self":[{"href":"https:\/\/www.kursaal.eus\/eu\/wp-json\/wp\/v2\/pages\/816","targetHints":{"allow":["GET"]}}],"collection":[{"href":"https:\/\/www.kursaal.eus\/eu\/wp-json\/wp\/v2\/pages"}],"about":[{"href":"https:\/\/www.kursaal.eus\/eu\/wp-json\/wp\/v2\/types\/page"}],"author":[{"embeddable":true,"href":"https:\/\/www.kursaal.eus\/eu\/wp-json\/wp\/v2\/users\/10000095"}],"replies":[{"embeddable":true,"href":"https:\/\/www.kursaal.eus\/eu\/wp-json\/wp\/v2\/comments?post=816"}],"version-history":[{"count":12,"href":"https:\/\/www.kursaal.eus\/eu\/wp-json\/wp\/v2\/pages\/816\/revisions"}],"predecessor-version":[{"id":67888,"href":"https:\/\/www.kursaal.eus\/eu\/wp-json\/wp\/v2\/pages\/816\/revisions\/67888"}],"up":[{"embeddable":true,"href":"https:\/\/www.kursaal.eus\/eu\/wp-json\/wp\/v2\/pages\/798"}],"wp:featuredmedia":[{"embeddable":true,"href":"https:\/\/www.kursaal.eus\/eu\/wp-json\/wp\/v2\/media\/1272"}],"wp:attachment":[{"href":"https:\/\/www.kursaal.eus\/eu\/wp-json\/wp\/v2\/media?parent=816"}],"curies":[{"name":"wp","href":"https:\/\/api.w.org\/{rel}","templated":true}]}}