{"id":378,"date":"2014-11-28T11:19:03","date_gmt":"2014-11-28T11:19:03","guid":{"rendered":"http:\/\/www.kursaal.eus\/?page_id=378"},"modified":"2022-11-22T13:38:27","modified_gmt":"2022-11-22T13:38:27","slug":"enbaxadore-2014","status":"publish","type":"page","link":"https:\/\/www.kursaal.eus\/es\/kursaal\/programa-enbaxadores\/enbaxadore-2014\/","title":{"rendered":"Enbaxadore 2014"},"content":{"rendered":"<div class=\"row\">\n<div class=\"col-md-5\">\n<p>El\u00a0<a href=\"http:\/\/www.sansebastiancongress.com\/es\/candidaturas\/programa-enbaxadore\">Programa Enbaxadore<\/a>\u00a0ha designado a seis nuevos enbajadores en un eventos celebrado en el Kursaal. \u00a0<strong>Josu Franco Iriarte, Mamen Moneo Ormazabal, Juan Jos\u00e9 Calvo Aguirre, Pilar Marco Garde, Mar\u00eda Dolores Olaizola Andonegui y Amaia Goena<\/strong>\u00a0han sido designados embajadores como un reconocimiento simb\u00f3lico a la labor que han han realizado para atraer congresos a Gipuzkoa. Kursaal y San Sebastian Turismo &amp; Convention Bureau, promotores del programa, han entregado seis nuevos distintivos a las personas gracias a las cuales Donostia y Gipuzkoa se han convertido en sede de importantes eventos estatales e internacionales, favoreciendo as\u00ed la difusi\u00f3n y promoci\u00f3n del destino<strong>Estas seis personas se suman a las otras 29 personas que actuamente forman el selecto club de los embajadores.\u00a0<\/strong><a title=\"Se abrir\u00e1 en ventana nueva\" href=\"http:\/\/www.sansebastiancongress.com\/images\/cbureau\/pdf\/ENBAXADORE_listado%20embajadores%20y%20entidades_2014.pdf\" target=\"_blank\" rel=\"external noopener undefined\">(Ver el listado completo de embajadores)<\/a><\/p>\n<p><strong>Presentar una candidatura y responsabilizarse de la organizaci\u00f3n de un congreso<\/strong>\u00a0supone un esfuerzo que Kursaal y San Sebasti\u00e1n Convention Bureau quieren subrayar porque de esta labor desinteresada deriva una importante repercusi\u00f3n, tanto a nivel econ\u00f3mico como generadora y difusora del conocimiento en nuestro entorno. El reconocimiento a esta labor de estos profesionales \u2013que consiguen una mayor proyecci\u00f3n, a nivel estatal e internacional de la ciudad de Donostia como destino de reuniones\u2013 se refleja en la pertenencia a un \u201cclub\u201d selecto que re\u00fane a diferentes personas que han destacado por su labor proactiva en la captaci\u00f3n de eventos congresuales.<\/p>\n<\/div>\n<div class=\"col-md-5\">\n<p>En concreto, los seis profesionales a los que hoy se ha reconocido son: <strong>Yosu Franco Iriarte<\/strong>, de la Cl\u00ednica Virger del Pilar, por su destacada labor en la atracci\u00f3n del Congreso de la Asociaci\u00f3n Espa\u00f1ola para el estudio de la Biolog\u00eda de la Reproducci\u00f3n (ASEBIR).<\/p>\n<p><strong>Juan Jos\u00e9 Calvo Aguirre,<\/strong>\u00a0de la Asociaci\u00f3n Vasca de Geriatr\u00eda y Gerontolog\u00eda Zahartzaroa por su destacada labor en la atracci\u00f3n del Congreso Nacional de la Sociedad Espa\u00f1ola de Geriatr\u00eda y Gerontolog\u00eda (SEGG)<\/p>\n<p><strong>Mamen Moneo Ormazabal<\/strong>, del Sindicato de T\u00e9cnicos de Enfermer\u00eda (SAE), por su destacada labor en la atracci\u00f3n del Congreso Nacional de T\u00e9cnicos en Cuidados de Enfermer\u00eda \/ Auxiliares de Enfermer\u00eda &#8211; TCE \/ AE<\/p>\n<p><strong>Pilar Marco Garde<\/strong>, del Hospital Univertsitario Donostia, por su destacada labor en la atracci\u00f3n del Congreso de la Sociedad Espa\u00f1ola de Medicina Intensiva, Cr\u00edtica y Unidades Coronarias (SEMICYUC)<\/p>\n<p><strong>Mar\u00eda Dolores Olaizola Andoneguix<\/strong>, de la Cl\u00ednica Ortodoncia Mar\u00eda Dolores Olaizola, y<strong>\u00a0Amaia Goena<\/strong>, de la Cl\u00ednica de Ortodoncia Amaia Goena, por su destaca labor en la atracci\u00f3n del Congr\u00e8s Europ\u00e9en des Orthodontistes (CEO).<\/p>\n<\/div>\n<div class=\"col-md-2\">\n<p><a href=\"http:\/\/www.kursaal.eus\/es\/2015\/01\/fotos-enbaxadore-2014\/\"><img loading=\"lazy\" decoding=\"async\" class=\"alignnone size-full wp-image-334\" src=\"http:\/\/www.kursaal.eus\/wp-content\/uploads\/2014\/08\/fotos.png\" alt=\"fotos\" width=\"32\" height=\"32\" \/><\/a><\/p>\n<ul class=\"_menu-interno_ submenu  mayusculas\"><li><a href=\"https:\/\/www.kursaal.eus\/es\/kursaal\/programa-enbaxadores\/enbaxadore-2012\/\">Enbaxadore 2012<\/a><\/li><li class=\"current\"><a href=\"https:\/\/www.kursaal.eus\/es\/kursaal\/programa-enbaxadores\/enbaxadore-2014\/\">Enbaxadore 2014<\/a><\/li><li><a href=\"https:\/\/www.kursaal.eus\/es\/kursaal\/programa-enbaxadores\/enbaxadore-2015-2\/\">Enbaxadore 2015<\/a><\/li><li><a href=\"https:\/\/www.kursaal.eus\/es\/kursaal\/programa-enbaxadores\/enbaxadore-2016\/\">Enbaxadore 2016<\/a><\/li><li><a href=\"https:\/\/www.kursaal.eus\/es\/kursaal\/programa-enbaxadores\/enbaxadore-2017\/\">Enbaxadore 2017<\/a><\/li><li><a href=\"https:\/\/www.kursaal.eus\/es\/kursaal\/programa-enbaxadores\/enbaxadore-2018\/\">Enbaxadore 2018<\/a><\/li><li><a href=\"https:\/\/www.kursaal.eus\/es\/kursaal\/programa-enbaxadores\/enbaxadore-2021\/\">Enbaxadore 2021<\/a><\/li><li><a href=\"https:\/\/www.kursaal.eus\/es\/kursaal\/programa-enbaxadores\/enbaxadore-2021-2\/\">Enbaxadore 2023<\/a><\/li><li><a href=\"https:\/\/www.kursaal.eus\/es\/kursaal\/programa-enbaxadores\/enbaxadore-2021-2-2\/\">Enbaxadore 2026<\/a><\/li><\/ul>\n<\/div>\n<\/div>\n","protected":false},"excerpt":{"rendered":"<p>El\u00a0Programa Enbaxadore\u00a0ha designado a seis nuevos enbajadores en un eventos celebrado en el Kursaal. \u00a0Josu Franco Iriarte, Mamen Moneo Ormazabal, Juan Jos\u00e9 Calvo Aguirre, Pilar Marco Garde, Mar\u00eda Dolores Olaizola Andonegui y Amaia Goena\u00a0han sido [&hellip;]<\/p>\n","protected":false},"author":10000095,"featured_media":1272,"parent":81,"menu_order":0,"comment_status":"open","ping_status":"open","template":"page-kursaal.php","meta":{"_acf_changed":false,"footnotes":""},"class_list":["post-378","page","type-page","status-publish","has-post-thumbnail","hentry"],"acf":[],"yoast_head":"<!-- This site is optimized with the Yoast SEO plugin v27.0 - https:\/\/yoast.com\/product\/yoast-seo-wordpress\/ -->\n<title>Enbaxadore 2014 - Kursaal Donostia - San Sebasti\u00e1n<\/title>\n<meta name=\"robots\" content=\"index, follow, max-snippet:-1, max-image-preview:large, max-video-preview:-1\" \/>\n<link rel=\"canonical\" href=\"https:\/\/www.kursaal.eus\/es\/kursaal\/programa-enbaxadores\/enbaxadore-2014\/\" \/>\n<meta property=\"og:locale\" content=\"es_ES\" \/>\n<meta property=\"og:type\" content=\"article\" \/>\n<meta property=\"og:title\" content=\"Enbaxadore 2014 - Kursaal Donostia - San Sebasti\u00e1n\" \/>\n<meta property=\"og:description\" content=\"El\u00a0Programa Enbaxadore\u00a0ha designado a seis nuevos enbajadores en un eventos celebrado en el Kursaal. \u00a0Josu Franco Iriarte, Mamen Moneo Ormazabal, Juan Jos\u00e9 Calvo Aguirre, Pilar Marco Garde, Mar\u00eda Dolores Olaizola Andonegui y Amaia Goena\u00a0han sido [&hellip;]\" \/>\n<meta property=\"og:url\" content=\"https:\/\/www.kursaal.eus\/es\/kursaal\/programa-enbaxadores\/enbaxadore-2014\/\" \/>\n<meta property=\"og:site_name\" content=\"Kursaal Donostia - San Sebasti\u00e1n\" \/>\n<meta property=\"article:publisher\" content=\"https:\/\/www.facebook.com\/KursaalPalaciodeCongresosBiltzarJauregia\" \/>\n<meta property=\"article:modified_time\" content=\"2022-11-22T13:38:27+00:00\" \/>\n<meta property=\"og:image\" content=\"https:\/\/www.kursaal.eus\/wp-content\/uploads\/2014\/11\/13266293445_84d4463e40_o2.jpg\" \/>\n\t<meta property=\"og:image:width\" content=\"1172\" \/>\n\t<meta property=\"og:image:height\" content=\"330\" \/>\n\t<meta property=\"og:image:type\" content=\"image\/jpeg\" \/>\n<meta name=\"twitter:label1\" content=\"Tiempo de lectura\" \/>\n\t<meta name=\"twitter:data1\" content=\"3 minutos\" \/>\n<script type=\"application\/ld+json\" class=\"yoast-schema-graph\">{\"@context\":\"https:\/\/schema.org\",\"@graph\":[{\"@type\":\"WebPage\",\"@id\":\"https:\/\/www.kursaal.eus\/es\/kursaal\/programa-enbaxadores\/enbaxadore-2014\/\",\"url\":\"https:\/\/www.kursaal.eus\/es\/kursaal\/programa-enbaxadores\/enbaxadore-2014\/\",\"name\":\"Enbaxadore 2014 - Kursaal Donostia - San Sebasti\u00e1n\",\"isPartOf\":{\"@id\":\"https:\/\/www.kursaal.eus\/es\/#website\"},\"primaryImageOfPage\":{\"@id\":\"https:\/\/www.kursaal.eus\/es\/kursaal\/programa-enbaxadores\/enbaxadore-2014\/#primaryimage\"},\"image\":{\"@id\":\"https:\/\/www.kursaal.eus\/es\/kursaal\/programa-enbaxadores\/enbaxadore-2014\/#primaryimage\"},\"thumbnailUrl\":\"https:\/\/www.kursaal.eus\/wp-content\/uploads\/2014\/11\/13266293445_84d4463e40_o2.jpg\",\"datePublished\":\"2014-11-28T11:19:03+00:00\",\"dateModified\":\"2022-11-22T13:38:27+00:00\",\"breadcrumb\":{\"@id\":\"https:\/\/www.kursaal.eus\/es\/kursaal\/programa-enbaxadores\/enbaxadore-2014\/#breadcrumb\"},\"inLanguage\":\"es\",\"potentialAction\":[{\"@type\":\"ReadAction\",\"target\":[\"https:\/\/www.kursaal.eus\/es\/kursaal\/programa-enbaxadores\/enbaxadore-2014\/\"]}]},{\"@type\":\"ImageObject\",\"inLanguage\":\"es\",\"@id\":\"https:\/\/www.kursaal.eus\/es\/kursaal\/programa-enbaxadores\/enbaxadore-2014\/#primaryimage\",\"url\":\"https:\/\/www.kursaal.eus\/wp-content\/uploads\/2014\/11\/13266293445_84d4463e40_o2.jpg\",\"contentUrl\":\"https:\/\/www.kursaal.eus\/wp-content\/uploads\/2014\/11\/13266293445_84d4463e40_o2.jpg\",\"width\":1172,\"height\":330},{\"@type\":\"BreadcrumbList\",\"@id\":\"https:\/\/www.kursaal.eus\/es\/kursaal\/programa-enbaxadores\/enbaxadore-2014\/#breadcrumb\",\"itemListElement\":[{\"@type\":\"ListItem\",\"position\":1,\"name\":\"Kursaal\",\"item\":\"https:\/\/www.kursaal.eus\/es\/kursaal\/\"},{\"@type\":\"ListItem\",\"position\":2,\"name\":\"Programa Enbaxadore\",\"item\":\"https:\/\/www.kursaal.eus\/es\/kursaal\/programa-enbaxadores\/\"},{\"@type\":\"ListItem\",\"position\":3,\"name\":\"Enbaxadore 2014\"}]},{\"@type\":\"WebSite\",\"@id\":\"https:\/\/www.kursaal.eus\/es\/#website\",\"url\":\"https:\/\/www.kursaal.eus\/es\/\",\"name\":\"Kursaal Donostia - San Sebasti\u00e1n\",\"description\":\"Palacio de Congresos y Auditorio\",\"potentialAction\":[{\"@type\":\"SearchAction\",\"target\":{\"@type\":\"EntryPoint\",\"urlTemplate\":\"https:\/\/www.kursaal.eus\/es\/?s={search_term_string}\"},\"query-input\":{\"@type\":\"PropertyValueSpecification\",\"valueRequired\":true,\"valueName\":\"search_term_string\"}}],\"inLanguage\":\"es\"}]}<\/script>\n<!-- \/ Yoast SEO plugin. -->","yoast_head_json":{"title":"Enbaxadore 2014 - Kursaal Donostia - San Sebasti\u00e1n","robots":{"index":"index","follow":"follow","max-snippet":"max-snippet:-1","max-image-preview":"max-image-preview:large","max-video-preview":"max-video-preview:-1"},"canonical":"https:\/\/www.kursaal.eus\/es\/kursaal\/programa-enbaxadores\/enbaxadore-2014\/","og_locale":"es_ES","og_type":"article","og_title":"Enbaxadore 2014 - Kursaal Donostia - San Sebasti\u00e1n","og_description":"El\u00a0Programa Enbaxadore\u00a0ha designado a seis nuevos enbajadores en un eventos celebrado en el Kursaal. \u00a0Josu Franco Iriarte, Mamen Moneo Ormazabal, Juan Jos\u00e9 Calvo Aguirre, Pilar Marco Garde, Mar\u00eda Dolores Olaizola Andonegui y Amaia Goena\u00a0han sido [&hellip;]","og_url":"https:\/\/www.kursaal.eus\/es\/kursaal\/programa-enbaxadores\/enbaxadore-2014\/","og_site_name":"Kursaal Donostia - San Sebasti\u00e1n","article_publisher":"https:\/\/www.facebook.com\/KursaalPalaciodeCongresosBiltzarJauregia","article_modified_time":"2022-11-22T13:38:27+00:00","og_image":[{"width":1172,"height":330,"url":"https:\/\/www.kursaal.eus\/wp-content\/uploads\/2014\/11\/13266293445_84d4463e40_o2.jpg","type":"image\/jpeg"}],"twitter_misc":{"Tiempo de lectura":"3 minutos"},"schema":{"@context":"https:\/\/schema.org","@graph":[{"@type":"WebPage","@id":"https:\/\/www.kursaal.eus\/es\/kursaal\/programa-enbaxadores\/enbaxadore-2014\/","url":"https:\/\/www.kursaal.eus\/es\/kursaal\/programa-enbaxadores\/enbaxadore-2014\/","name":"Enbaxadore 2014 - Kursaal Donostia - San Sebasti\u00e1n","isPartOf":{"@id":"https:\/\/www.kursaal.eus\/es\/#website"},"primaryImageOfPage":{"@id":"https:\/\/www.kursaal.eus\/es\/kursaal\/programa-enbaxadores\/enbaxadore-2014\/#primaryimage"},"image":{"@id":"https:\/\/www.kursaal.eus\/es\/kursaal\/programa-enbaxadores\/enbaxadore-2014\/#primaryimage"},"thumbnailUrl":"https:\/\/www.kursaal.eus\/wp-content\/uploads\/2014\/11\/13266293445_84d4463e40_o2.jpg","datePublished":"2014-11-28T11:19:03+00:00","dateModified":"2022-11-22T13:38:27+00:00","breadcrumb":{"@id":"https:\/\/www.kursaal.eus\/es\/kursaal\/programa-enbaxadores\/enbaxadore-2014\/#breadcrumb"},"inLanguage":"es","potentialAction":[{"@type":"ReadAction","target":["https:\/\/www.kursaal.eus\/es\/kursaal\/programa-enbaxadores\/enbaxadore-2014\/"]}]},{"@type":"ImageObject","inLanguage":"es","@id":"https:\/\/www.kursaal.eus\/es\/kursaal\/programa-enbaxadores\/enbaxadore-2014\/#primaryimage","url":"https:\/\/www.kursaal.eus\/wp-content\/uploads\/2014\/11\/13266293445_84d4463e40_o2.jpg","contentUrl":"https:\/\/www.kursaal.eus\/wp-content\/uploads\/2014\/11\/13266293445_84d4463e40_o2.jpg","width":1172,"height":330},{"@type":"BreadcrumbList","@id":"https:\/\/www.kursaal.eus\/es\/kursaal\/programa-enbaxadores\/enbaxadore-2014\/#breadcrumb","itemListElement":[{"@type":"ListItem","position":1,"name":"Kursaal","item":"https:\/\/www.kursaal.eus\/es\/kursaal\/"},{"@type":"ListItem","position":2,"name":"Programa Enbaxadore","item":"https:\/\/www.kursaal.eus\/es\/kursaal\/programa-enbaxadores\/"},{"@type":"ListItem","position":3,"name":"Enbaxadore 2014"}]},{"@type":"WebSite","@id":"https:\/\/www.kursaal.eus\/es\/#website","url":"https:\/\/www.kursaal.eus\/es\/","name":"Kursaal Donostia - San Sebasti\u00e1n","description":"Palacio de Congresos y Auditorio","potentialAction":[{"@type":"SearchAction","target":{"@type":"EntryPoint","urlTemplate":"https:\/\/www.kursaal.eus\/es\/?s={search_term_string}"},"query-input":{"@type":"PropertyValueSpecification","valueRequired":true,"valueName":"search_term_string"}}],"inLanguage":"es"}]}},"_links":{"self":[{"href":"https:\/\/www.kursaal.eus\/es\/wp-json\/wp\/v2\/pages\/378","targetHints":{"allow":["GET"]}}],"collection":[{"href":"https:\/\/www.kursaal.eus\/es\/wp-json\/wp\/v2\/pages"}],"about":[{"href":"https:\/\/www.kursaal.eus\/es\/wp-json\/wp\/v2\/types\/page"}],"author":[{"embeddable":true,"href":"https:\/\/www.kursaal.eus\/es\/wp-json\/wp\/v2\/users\/10000095"}],"replies":[{"embeddable":true,"href":"https:\/\/www.kursaal.eus\/es\/wp-json\/wp\/v2\/comments?post=378"}],"version-history":[{"count":18,"href":"https:\/\/www.kursaal.eus\/es\/wp-json\/wp\/v2\/pages\/378\/revisions"}],"predecessor-version":[{"id":67880,"href":"https:\/\/www.kursaal.eus\/es\/wp-json\/wp\/v2\/pages\/378\/revisions\/67880"}],"up":[{"embeddable":true,"href":"https:\/\/www.kursaal.eus\/es\/wp-json\/wp\/v2\/pages\/81"}],"wp:featuredmedia":[{"embeddable":true,"href":"https:\/\/www.kursaal.eus\/es\/wp-json\/wp\/v2\/media\/1272"}],"wp:attachment":[{"href":"https:\/\/www.kursaal.eus\/es\/wp-json\/wp\/v2\/media?parent=378"}],"curies":[{"name":"wp","href":"https:\/\/api.w.org\/{rel}","templated":true}]}}