{"id":31502,"date":"2017-10-26T11:10:53","date_gmt":"2017-10-26T11:10:53","guid":{"rendered":"http:\/\/www.kursaal.eus\/?page_id=31502"},"modified":"2021-12-02T15:33:26","modified_gmt":"2021-12-02T15:33:26","slug":"enbaxadore-2017","status":"publish","type":"page","link":"https:\/\/www.kursaal.eus\/es\/kursaal\/programa-enbaxadores\/enbaxadore-2017\/","title":{"rendered":"Enbaxadore 2017"},"content":{"rendered":"<div class=\"row\">\n<div class=\"col-md-5\">\n<p><strong>Promovido por Kursaal y SS Turismo&amp;Convention Bureau<\/strong><strong>El Programa Enbaxadore reconoce a diez nuevos profesionales<\/strong><\/p>\n<p><strong>Diez profesionales han sido nombrados nuevos embajadores de San Sebasti\u00e1n en el marco del Programa Enbaxadore, promovido por San Sebasti\u00e1n Turismo &amp; Convention Bureau y el Kursaal, que busca apoyar y fomentar el turismo de reuniones en nuestro destino.<\/strong><\/p>\n<p>El acto se celebr\u00f3 en el restaurante Ni Neu del Kursaal y participaron, adem\u00e1s de los nuevos \u201cEnbaxadore\u201d, <strong>Eneko Goia<\/strong>, presidente de San Sebasti\u00e1n Turismo &amp; Convention Bureau y \u00a0alcalde de San Sebasti\u00e1n; <strong>Manu Narv\u00e1ez<\/strong>, director de San Sebasti\u00e1n Turismo &amp; Convention Bureau; \u00a0<strong>Iker Goikoetxea<\/strong>, director-gerente del Kursaal y <strong>Manuel Carreiras<\/strong>, director del BCBL (Basque Center on Cognition, Brain and Language).<\/p>\n<p>El programa Enbaxadore fue creado en 2012 para distinguir a los profesionales que han organizado reuniones, eventos o congresos de m\u00e1s de 450 delegados -en caso de citas nacionales- y de m\u00e1s de 200 asistentes -en caso de foros internacionales- en la ciudad.<\/p>\n<p>Los nuevos \u201cEnbaxadore\u201d se unen a la lista de los 48 profesionales que conforman este prestigioso \u201cclub\u201d, creado en 2012.<\/p>\n<\/div>\n<div class=\"col-md-5\">\n<p><strong>El impacto de la actividad congresual en Gipuzkoa<\/strong><\/p>\n<p>Este programa, promovido por Kursaal y San Sebasti\u00e1n Turismo &amp; Convention Bureau, tiene como objetivo reconocer la labor de aquellas personas gracias a las cuales Donostia se ha convertido en sede de importantes eventos estatales e internacionales, favoreciendo as\u00ed la difusi\u00f3n y promoci\u00f3n del destino.<\/p>\n<p>Presentar una candidatura y responsabilizarse de la organizaci\u00f3n de un congreso supone un esfuerzo que Kursaal y San Sebasti\u00e1n Turismo &amp; Convention Bureau quieren subrayar porque de esta labor desinteresada deriva una importante repercusi\u00f3n, tanto a nivel econ\u00f3mico como generadora y difusora del conocimiento en nuestro entorno.<\/p>\n<p>Los congresos son el segmento con mayor potencial de crecimiento y una actividad que aporta gran valor en t\u00e9rminos cuantitativos, un dinamizador econ\u00f3mico del territorio. En 2016 se han celebrado <strong>147 eventos <\/strong>relacionados con el turismo de reuniones (congresos, jornadas, convenciones\u2026) en la ciudad, el <strong>46,2% han sido internacionales<\/strong>, y el <strong>impacto econ\u00f3mico <\/strong>estimado es de <strong>38.700.000\u20ac<\/strong> (n\u00famero de pernoctaciones por gasto medio de 350 \u20ac por congresista).<\/p>\n<\/div>\n<div class=\"col-md-2\">\n<p><a href=\"http:\/\/www.kursaal.eus\/es\/2017\/11\/enbaxadore-2017\/\" target=\"_blank\" rel=\"noopener\"><img loading=\"lazy\" decoding=\"async\" class=\"alignnone wp-image-334 size-full\" src=\"http:\/\/www.kursaal.eus\/wp-content\/uploads\/2014\/08\/fotos.png\" alt=\"fotos\" width=\"32\" height=\"32\" \/><\/a><\/p>\n<ul class=\"_menu-interno_ submenu  mayusculas\"><li><a href=\"https:\/\/www.kursaal.eus\/es\/kursaal\/programa-enbaxadores\/enbaxadore-2012\/\">Enbaxadore 2012<\/a><\/li><li><a href=\"https:\/\/www.kursaal.eus\/es\/kursaal\/programa-enbaxadores\/enbaxadore-2014\/\">Enbaxadore 2014<\/a><\/li><li><a href=\"https:\/\/www.kursaal.eus\/es\/kursaal\/programa-enbaxadores\/enbaxadore-2015-2\/\">Enbaxadore 2015<\/a><\/li><li><a href=\"https:\/\/www.kursaal.eus\/es\/kursaal\/programa-enbaxadores\/enbaxadore-2016\/\">Enbaxadore 2016<\/a><\/li><li class=\"current\"><a href=\"https:\/\/www.kursaal.eus\/es\/kursaal\/programa-enbaxadores\/enbaxadore-2017\/\">Enbaxadore 2017<\/a><\/li><li><a href=\"https:\/\/www.kursaal.eus\/es\/kursaal\/programa-enbaxadores\/enbaxadore-2018\/\">Enbaxadore 2018<\/a><\/li><li><a href=\"https:\/\/www.kursaal.eus\/es\/kursaal\/programa-enbaxadores\/enbaxadore-2021\/\">Enbaxadore 2021<\/a><\/li><li><a href=\"https:\/\/www.kursaal.eus\/es\/kursaal\/programa-enbaxadores\/enbaxadore-2021-2\/\">Enbaxadore 2023<\/a><\/li><li><a href=\"https:\/\/www.kursaal.eus\/es\/kursaal\/programa-enbaxadores\/enbaxadore-2021-2-2\/\">Enbaxadore 2026<\/a><\/li><\/ul>\n<\/div>\n<\/div>\n<div class=\"row\">\n<div class=\"col-md-12\">\n<p><strong>Los nuevos embajadores<\/strong><\/p>\n<table class=\"table\">\n<tbody>\n<tr>\n<td width=\"181\">Jos\u00e9 I. Mart\u00ednez Renobales<\/td>\n<td width=\"272\">Congreso SETLA<\/td>\n<td width=\"112\">Policl\u00ednica Gipuzkoa<\/td>\n<\/tr>\n<tr>\n<td width=\"181\">Mar\u00eda Jos\u00e9 Etxeberria Itziar<strong><br \/>\n<\/strong><\/td>\n<td width=\"272\">Jornadas de Enfermer\u00eda en Cirug\u00eda Ortop\u00e9dica y Traumatolog\u00eda<\/td>\n<td width=\"112\">\u00a0Hospital Donostia<\/td>\n<\/tr>\n<tr>\n<td width=\"181\">F.J. Eizaguirre<strong><br \/>\n<\/strong><\/td>\n<td width=\"272\">Congreso de la Sociedad Espa\u00f1ola de Gastroenterolog\u00eda, Hepatolog\u00eda y Nutrici\u00f3n Pedi\u00e1trica<\/td>\n<td width=\"112\">\u00a0Hospital Donostia<\/td>\n<\/tr>\n<tr>\n<td width=\"181\">Angel Borja<strong><br \/>\n<\/strong><\/td>\n<td width=\"272\">European System Services Partnership Conference<\/td>\n<td width=\"112\">\u00a0AZTI<\/td>\n<\/tr>\n<tr>\n<td width=\"181\">Jos\u00e9 Mar\u00eda Pitarke y Te\u00f3filo Rojo<strong><br \/>\n<\/strong><\/td>\n<td width=\"272\">Graphene Week<\/td>\n<td width=\"112\">CIC Nanogune<br \/>\nCIC Energigune<\/td>\n<\/tr>\n<tr>\n<td width=\"181\">Jorge Soto<strong><br \/>\n<\/strong><\/td>\n<td width=\"272\">Grupo Espa\u00f1ol de Dermatolog\u00eda Quir\u00fargica, L\u00e1ser y Oncolog\u00eda Cut\u00e1nea de la AEDV<\/td>\n<td width=\"112\">Policl\u00ednica Gipuzkoa<\/td>\n<\/tr>\n<tr>\n<td width=\"181\">Jenaro Guisasola<strong><br \/>\n<\/strong><\/td>\n<td width=\"272\">GIREP-MPTL<\/td>\n<td width=\"112\">\u00a0UPV<\/td>\n<\/tr>\n<tr>\n<td width=\"181\">Estitxu Jimenes e Idioa Marcellan<strong><br \/>\n<\/strong><\/td>\n<td width=\"272\">Congreso Internacional de Arte, Ilustraci\u00f3n y Cultura Visual en Educaci\u00f3n Infantil<\/td>\n<td width=\"112\">\u00a0UPV<\/td>\n<\/tr>\n<\/tbody>\n<\/table>\n<\/div>\n<\/div>\n","protected":false},"excerpt":{"rendered":"<p>Promovido por Kursaal y SS Turismo&amp;Convention BureauEl Programa Enbaxadore reconoce a diez nuevos profesionales Diez profesionales han sido nombrados nuevos embajadores de San Sebasti\u00e1n en el marco del Programa Enbaxadore, promovido por San Sebasti\u00e1n Turismo [&hellip;]<\/p>\n","protected":false},"author":10000095,"featured_media":31475,"parent":81,"menu_order":0,"comment_status":"closed","ping_status":"closed","template":"page-kursaal.php","meta":{"_acf_changed":false,"footnotes":""},"class_list":["post-31502","page","type-page","status-publish","has-post-thumbnail","hentry"],"acf":[],"yoast_head":"<!-- This site is optimized with the Yoast SEO plugin v27.0 - https:\/\/yoast.com\/product\/yoast-seo-wordpress\/ -->\n<title>Enbaxadore 2017 - Kursaal Donostia - San Sebasti\u00e1n<\/title>\n<meta name=\"robots\" content=\"index, follow, max-snippet:-1, max-image-preview:large, max-video-preview:-1\" \/>\n<link rel=\"canonical\" href=\"https:\/\/www.kursaal.eus\/es\/kursaal\/programa-enbaxadores\/enbaxadore-2017\/\" \/>\n<meta property=\"og:locale\" content=\"es_ES\" \/>\n<meta property=\"og:type\" content=\"article\" \/>\n<meta property=\"og:title\" content=\"Enbaxadore 2017 - Kursaal Donostia - San Sebasti\u00e1n\" \/>\n<meta property=\"og:description\" content=\"Promovido por Kursaal y SS Turismo&amp;Convention BureauEl Programa Enbaxadore reconoce a diez nuevos profesionales Diez profesionales han sido nombrados nuevos embajadores de San Sebasti\u00e1n en el marco del Programa Enbaxadore, promovido por San Sebasti\u00e1n Turismo [&hellip;]\" \/>\n<meta property=\"og:url\" content=\"https:\/\/www.kursaal.eus\/es\/kursaal\/programa-enbaxadores\/enbaxadore-2017\/\" \/>\n<meta property=\"og:site_name\" content=\"Kursaal Donostia - San Sebasti\u00e1n\" \/>\n<meta property=\"article:publisher\" content=\"https:\/\/www.facebook.com\/KursaalPalaciodeCongresosBiltzarJauregia\" \/>\n<meta property=\"article:modified_time\" content=\"2021-12-02T15:33:26+00:00\" \/>\n<meta property=\"og:image\" content=\"https:\/\/www.kursaal.eus\/wp-content\/uploads\/2017\/10\/171024-Enbaxadore_02b.jpg\" \/>\n\t<meta property=\"og:image:width\" content=\"1500\" \/>\n\t<meta property=\"og:image:height\" content=\"1102\" \/>\n\t<meta property=\"og:image:type\" content=\"image\/jpeg\" \/>\n<meta name=\"twitter:label1\" content=\"Tiempo de lectura\" \/>\n\t<meta name=\"twitter:data1\" content=\"3 minutos\" \/>\n<script type=\"application\/ld+json\" class=\"yoast-schema-graph\">{\"@context\":\"https:\/\/schema.org\",\"@graph\":[{\"@type\":\"WebPage\",\"@id\":\"https:\/\/www.kursaal.eus\/es\/kursaal\/programa-enbaxadores\/enbaxadore-2017\/\",\"url\":\"https:\/\/www.kursaal.eus\/es\/kursaal\/programa-enbaxadores\/enbaxadore-2017\/\",\"name\":\"Enbaxadore 2017 - Kursaal Donostia - San Sebasti\u00e1n\",\"isPartOf\":{\"@id\":\"https:\/\/www.kursaal.eus\/es\/#website\"},\"primaryImageOfPage\":{\"@id\":\"https:\/\/www.kursaal.eus\/es\/kursaal\/programa-enbaxadores\/enbaxadore-2017\/#primaryimage\"},\"image\":{\"@id\":\"https:\/\/www.kursaal.eus\/es\/kursaal\/programa-enbaxadores\/enbaxadore-2017\/#primaryimage\"},\"thumbnailUrl\":\"https:\/\/www.kursaal.eus\/wp-content\/uploads\/2017\/10\/171024-Enbaxadore_02b.jpg\",\"datePublished\":\"2017-10-26T11:10:53+00:00\",\"dateModified\":\"2021-12-02T15:33:26+00:00\",\"breadcrumb\":{\"@id\":\"https:\/\/www.kursaal.eus\/es\/kursaal\/programa-enbaxadores\/enbaxadore-2017\/#breadcrumb\"},\"inLanguage\":\"es\",\"potentialAction\":[{\"@type\":\"ReadAction\",\"target\":[\"https:\/\/www.kursaal.eus\/es\/kursaal\/programa-enbaxadores\/enbaxadore-2017\/\"]}]},{\"@type\":\"ImageObject\",\"inLanguage\":\"es\",\"@id\":\"https:\/\/www.kursaal.eus\/es\/kursaal\/programa-enbaxadores\/enbaxadore-2017\/#primaryimage\",\"url\":\"https:\/\/www.kursaal.eus\/wp-content\/uploads\/2017\/10\/171024-Enbaxadore_02b.jpg\",\"contentUrl\":\"https:\/\/www.kursaal.eus\/wp-content\/uploads\/2017\/10\/171024-Enbaxadore_02b.jpg\",\"width\":1500,\"height\":1102,\"caption\":\"171024 Enbaxadore_02b\"},{\"@type\":\"BreadcrumbList\",\"@id\":\"https:\/\/www.kursaal.eus\/es\/kursaal\/programa-enbaxadores\/enbaxadore-2017\/#breadcrumb\",\"itemListElement\":[{\"@type\":\"ListItem\",\"position\":1,\"name\":\"Kursaal\",\"item\":\"https:\/\/www.kursaal.eus\/es\/kursaal\/\"},{\"@type\":\"ListItem\",\"position\":2,\"name\":\"Programa Enbaxadore\",\"item\":\"https:\/\/www.kursaal.eus\/es\/kursaal\/programa-enbaxadores\/\"},{\"@type\":\"ListItem\",\"position\":3,\"name\":\"Enbaxadore 2017\"}]},{\"@type\":\"WebSite\",\"@id\":\"https:\/\/www.kursaal.eus\/es\/#website\",\"url\":\"https:\/\/www.kursaal.eus\/es\/\",\"name\":\"Kursaal Donostia - San Sebasti\u00e1n\",\"description\":\"Palacio de Congresos y Auditorio\",\"potentialAction\":[{\"@type\":\"SearchAction\",\"target\":{\"@type\":\"EntryPoint\",\"urlTemplate\":\"https:\/\/www.kursaal.eus\/es\/?s={search_term_string}\"},\"query-input\":{\"@type\":\"PropertyValueSpecification\",\"valueRequired\":true,\"valueName\":\"search_term_string\"}}],\"inLanguage\":\"es\"}]}<\/script>\n<!-- \/ Yoast SEO plugin. -->","yoast_head_json":{"title":"Enbaxadore 2017 - Kursaal Donostia - San Sebasti\u00e1n","robots":{"index":"index","follow":"follow","max-snippet":"max-snippet:-1","max-image-preview":"max-image-preview:large","max-video-preview":"max-video-preview:-1"},"canonical":"https:\/\/www.kursaal.eus\/es\/kursaal\/programa-enbaxadores\/enbaxadore-2017\/","og_locale":"es_ES","og_type":"article","og_title":"Enbaxadore 2017 - Kursaal Donostia - San Sebasti\u00e1n","og_description":"Promovido por Kursaal y SS Turismo&amp;Convention BureauEl Programa Enbaxadore reconoce a diez nuevos profesionales Diez profesionales han sido nombrados nuevos embajadores de San Sebasti\u00e1n en el marco del Programa Enbaxadore, promovido por San Sebasti\u00e1n Turismo [&hellip;]","og_url":"https:\/\/www.kursaal.eus\/es\/kursaal\/programa-enbaxadores\/enbaxadore-2017\/","og_site_name":"Kursaal Donostia - San Sebasti\u00e1n","article_publisher":"https:\/\/www.facebook.com\/KursaalPalaciodeCongresosBiltzarJauregia","article_modified_time":"2021-12-02T15:33:26+00:00","og_image":[{"width":1500,"height":1102,"url":"https:\/\/www.kursaal.eus\/wp-content\/uploads\/2017\/10\/171024-Enbaxadore_02b.jpg","type":"image\/jpeg"}],"twitter_misc":{"Tiempo de lectura":"3 minutos"},"schema":{"@context":"https:\/\/schema.org","@graph":[{"@type":"WebPage","@id":"https:\/\/www.kursaal.eus\/es\/kursaal\/programa-enbaxadores\/enbaxadore-2017\/","url":"https:\/\/www.kursaal.eus\/es\/kursaal\/programa-enbaxadores\/enbaxadore-2017\/","name":"Enbaxadore 2017 - Kursaal Donostia - San Sebasti\u00e1n","isPartOf":{"@id":"https:\/\/www.kursaal.eus\/es\/#website"},"primaryImageOfPage":{"@id":"https:\/\/www.kursaal.eus\/es\/kursaal\/programa-enbaxadores\/enbaxadore-2017\/#primaryimage"},"image":{"@id":"https:\/\/www.kursaal.eus\/es\/kursaal\/programa-enbaxadores\/enbaxadore-2017\/#primaryimage"},"thumbnailUrl":"https:\/\/www.kursaal.eus\/wp-content\/uploads\/2017\/10\/171024-Enbaxadore_02b.jpg","datePublished":"2017-10-26T11:10:53+00:00","dateModified":"2021-12-02T15:33:26+00:00","breadcrumb":{"@id":"https:\/\/www.kursaal.eus\/es\/kursaal\/programa-enbaxadores\/enbaxadore-2017\/#breadcrumb"},"inLanguage":"es","potentialAction":[{"@type":"ReadAction","target":["https:\/\/www.kursaal.eus\/es\/kursaal\/programa-enbaxadores\/enbaxadore-2017\/"]}]},{"@type":"ImageObject","inLanguage":"es","@id":"https:\/\/www.kursaal.eus\/es\/kursaal\/programa-enbaxadores\/enbaxadore-2017\/#primaryimage","url":"https:\/\/www.kursaal.eus\/wp-content\/uploads\/2017\/10\/171024-Enbaxadore_02b.jpg","contentUrl":"https:\/\/www.kursaal.eus\/wp-content\/uploads\/2017\/10\/171024-Enbaxadore_02b.jpg","width":1500,"height":1102,"caption":"171024 Enbaxadore_02b"},{"@type":"BreadcrumbList","@id":"https:\/\/www.kursaal.eus\/es\/kursaal\/programa-enbaxadores\/enbaxadore-2017\/#breadcrumb","itemListElement":[{"@type":"ListItem","position":1,"name":"Kursaal","item":"https:\/\/www.kursaal.eus\/es\/kursaal\/"},{"@type":"ListItem","position":2,"name":"Programa Enbaxadore","item":"https:\/\/www.kursaal.eus\/es\/kursaal\/programa-enbaxadores\/"},{"@type":"ListItem","position":3,"name":"Enbaxadore 2017"}]},{"@type":"WebSite","@id":"https:\/\/www.kursaal.eus\/es\/#website","url":"https:\/\/www.kursaal.eus\/es\/","name":"Kursaal Donostia - San Sebasti\u00e1n","description":"Palacio de Congresos y Auditorio","potentialAction":[{"@type":"SearchAction","target":{"@type":"EntryPoint","urlTemplate":"https:\/\/www.kursaal.eus\/es\/?s={search_term_string}"},"query-input":{"@type":"PropertyValueSpecification","valueRequired":true,"valueName":"search_term_string"}}],"inLanguage":"es"}]}},"_links":{"self":[{"href":"https:\/\/www.kursaal.eus\/es\/wp-json\/wp\/v2\/pages\/31502","targetHints":{"allow":["GET"]}}],"collection":[{"href":"https:\/\/www.kursaal.eus\/es\/wp-json\/wp\/v2\/pages"}],"about":[{"href":"https:\/\/www.kursaal.eus\/es\/wp-json\/wp\/v2\/types\/page"}],"author":[{"embeddable":true,"href":"https:\/\/www.kursaal.eus\/es\/wp-json\/wp\/v2\/users\/10000095"}],"replies":[{"embeddable":true,"href":"https:\/\/www.kursaal.eus\/es\/wp-json\/wp\/v2\/comments?post=31502"}],"version-history":[{"count":23,"href":"https:\/\/www.kursaal.eus\/es\/wp-json\/wp\/v2\/pages\/31502\/revisions"}],"predecessor-version":[{"id":68186,"href":"https:\/\/www.kursaal.eus\/es\/wp-json\/wp\/v2\/pages\/31502\/revisions\/68186"}],"up":[{"embeddable":true,"href":"https:\/\/www.kursaal.eus\/es\/wp-json\/wp\/v2\/pages\/81"}],"wp:featuredmedia":[{"embeddable":true,"href":"https:\/\/www.kursaal.eus\/es\/wp-json\/wp\/v2\/media\/31475"}],"wp:attachment":[{"href":"https:\/\/www.kursaal.eus\/es\/wp-json\/wp\/v2\/media?parent=31502"}],"curies":[{"name":"wp","href":"https:\/\/api.w.org\/{rel}","templated":true}]}}