{"id":15486,"date":"2016-09-26T12:07:26","date_gmt":"2016-09-26T12:07:26","guid":{"rendered":"http:\/\/www.kursaal.eus\/?page_id=15486"},"modified":"2025-06-17T17:10:39","modified_gmt":"2025-06-17T17:10:39","slug":"abonos-2","status":"publish","type":"page","link":"https:\/\/www.kursaal.eus\/es\/kursaal-eszena\/abonos-2\/","title":{"rendered":"Abonos"},"content":{"rendered":"<p><strong>Kursaal Eszena<\/strong> pone a la venta los <strong>nuevos abonos de m\u00fasica cl\u00e1sica<\/strong> para la temporada que se desarrollar\u00e1 de octubre a diciembre de 2025. La adquisici\u00f3n del mismo podr\u00e1 hacerse desde el<strong> 17 de junio <\/strong>hasta el<strong> 22 de octubre<\/strong>\u00a0y supone un <strong>15% de descuento<\/strong> sobre el importe total de las entradas sueltas.<\/p>\n<p>Los abonos para la nueva temporada, compuesta por <strong>4 eventos<\/strong>, se pueden comprar en la Taquilla del Kursaal <a href=\"http:\/\/www.kursaal.eus\/es\/kursaal-eszena\/informacion\/\">(+ info)\u00a0<\/a>\u00a0y <strong><a href=\"https:\/\/shop.kursaal.eus\/selection\/subscription?productId=10229405104054&amp;lang=es\">aqu\u00ed<\/a><\/strong>.<\/p>\n<p>Los 4 conciertos mencionados son los siguientes:<br \/>\n________________________________<\/p>\n<p><strong>INTEGRAL DE LAS SINFON\u00cdAS DE BEETHOVEN (III)<\/strong><br \/>\nAuditorio Kursaal<br \/>\n22 Octubre \/ 19:30<\/p>\n<p><strong>Orchestre des Champs Elys\u00e9es<\/strong><br \/>\n<strong>Philippe Herreweghe,<\/strong> director<br \/>\nSinfon\u00edas n\u00ba5 y n\u00ba6, Beethoven<\/p>\n<p>________________________________\u00a0 \u00a0<strong>\u00a0\u00a0\u00a0\u00a0\u00a0\u00a0\u00a0\u00a0\u00a0\u00a0\u00a0\u00a0\u00a0\u00a0\u00a0\u00a0\u00a0\u00a0\u00a0\u00a0\u00a0\u00a0\u00a0\u00a0\u00a0\u00a0\u00a0\u00a0\u00a0\u00a0\u00a0\u00a0\u00a0\u00a0\u00a0\u00a0\u00a0\u00a0\u00a0\u00a0\u00a0\u00a0\u00a0\u00a0\u00a0\u00a0 <\/strong><\/p>\n<p><strong>MIKHAIL PLETNEV, piano<\/strong><br \/>\nAuditorio Kursaal<br \/>\n07 Noviembre \/ 19:30<\/p>\n<p>Obras de Bach, Schumann y Grieg<\/p>\n<p>_______________________________<\/p>\n<p><strong>\u201cTHE FAIRY QUEEN\u201d, PURCELL<br \/>\nEspect\u00e1culo de danza y m\u00fasica en vivo<br \/>\n<\/strong>Auditorio Kursaal<br \/>\n19 Noviembre \/ 19:30<\/p>\n<p><strong>Les Arts Florissants \u2013 Compagnie K\u00e4fig<\/strong><br \/>\n<strong>Paul Agnew,<\/strong> director<br \/>\n<strong>Mourad Merzouki,<\/strong> coreograf\u00eda y direcci\u00f3n esc\u00e9nica<\/p>\n<p>________________________________<\/p>\n<p><strong>\u201cORATORIO DE NAVIDAD\u201d, BACH<\/strong><br \/>\nAuditorio Kursaal<br \/>\n17 Diciembre \/ 19:30<\/p>\n<p><strong>Il Gardellino Orchestra<\/strong><br \/>\n<strong>Cor de Cambra del Palau de la M\u00fasica Catalana<\/strong><br \/>\n<strong>Christoph Pr\u00e9gardien,<\/strong> director<br \/>\n<strong>Alison Lau, Martina Baroni, David Fisher,<\/strong><br \/>\n<strong>Micha Matth\u00e4us,<\/strong> solistas<\/p>\n<h2>Precios<\/h2>\n<p>Zonas A y B1: 195 \u20ac<br \/>\nZona C1, palcos 1:\u00a0 156 \u20ac<br \/>\nZona C2, palcos 9- 12: 125 \u20ac<br \/>\nZona C, palcos 13 \u2013 18: 100 \u20ac<br \/>\nMenores de 30 a\u00f1os \u2013 Zona C: 47 \u20ac<\/p>\n<h2>Fecha Venta Abonos<\/h2>\n<p>A partir del 17de junio a las 11:30<\/p>\n<ul>\n<li><a href=\"https:\/\/shop.kursaal.eus\/selection\/subscription?productId=10229405104054&amp;lang=es\" target=\"_blank\" rel=\"noopener\">sarrerak.kursaal.eus<\/a><\/li>\n<li>Taquilla Kursaal<\/li>\n<\/ul>\n","protected":false},"excerpt":{"rendered":"<p>Kursaal Eszena pone a la venta los nuevos abonos de m\u00fasica cl\u00e1sica para la temporada que se desarrollar\u00e1 de octubre a diciembre de 2025. La adquisici\u00f3n del mismo podr\u00e1 hacerse desde el 17 de junio [&hellip;]<\/p>\n","protected":false},"author":10000097,"featured_media":92959,"parent":149,"menu_order":0,"comment_status":"closed","ping_status":"closed","template":"page-kursaal-eszena-abonos.php","meta":{"_acf_changed":false,"footnotes":""},"class_list":["post-15486","page","type-page","status-publish","has-post-thumbnail","hentry"],"acf":[],"yoast_head":"<!-- This site is optimized with the Yoast SEO plugin v27.0 - https:\/\/yoast.com\/product\/yoast-seo-wordpress\/ -->\n<title>Abonos - Kursaal Donostia - San Sebasti\u00e1n<\/title>\n<meta name=\"robots\" content=\"index, follow, max-snippet:-1, max-image-preview:large, max-video-preview:-1\" \/>\n<link rel=\"canonical\" href=\"https:\/\/www.kursaal.eus\/es\/kursaal-eszena\/abonos-2\/\" \/>\n<meta property=\"og:locale\" content=\"es_ES\" \/>\n<meta property=\"og:type\" content=\"article\" \/>\n<meta property=\"og:title\" content=\"Abonos - Kursaal Donostia - San Sebasti\u00e1n\" \/>\n<meta property=\"og:description\" content=\"Kursaal Eszena pone a la venta los nuevos abonos de m\u00fasica cl\u00e1sica para la temporada que se desarrollar\u00e1 de octubre a diciembre de 2025. La adquisici\u00f3n del mismo podr\u00e1 hacerse desde el 17 de junio [&hellip;]\" \/>\n<meta property=\"og:url\" content=\"https:\/\/www.kursaal.eus\/es\/kursaal-eszena\/abonos-2\/\" \/>\n<meta property=\"og:site_name\" content=\"Kursaal Donostia - San Sebasti\u00e1n\" \/>\n<meta property=\"article:publisher\" content=\"https:\/\/www.facebook.com\/KursaalPalaciodeCongresosBiltzarJauregia\" \/>\n<meta property=\"article:modified_time\" content=\"2025-06-17T17:10:39+00:00\" \/>\n<meta property=\"og:image\" content=\"https:\/\/www.kursaal.eus\/wp-content\/uploads\/2024\/12\/Kursaal-1080x1080-Abono-temporada.jpg\" \/>\n\t<meta property=\"og:image:width\" content=\"1080\" \/>\n\t<meta property=\"og:image:height\" content=\"1080\" \/>\n\t<meta property=\"og:image:type\" content=\"image\/jpeg\" \/>\n<meta name=\"twitter:label1\" content=\"Tiempo de lectura\" \/>\n\t<meta name=\"twitter:data1\" content=\"2 minutos\" \/>\n<script type=\"application\/ld+json\" class=\"yoast-schema-graph\">{\"@context\":\"https:\/\/schema.org\",\"@graph\":[{\"@type\":\"WebPage\",\"@id\":\"https:\/\/www.kursaal.eus\/es\/kursaal-eszena\/abonos-2\/\",\"url\":\"https:\/\/www.kursaal.eus\/es\/kursaal-eszena\/abonos-2\/\",\"name\":\"Abonos - Kursaal Donostia - San Sebasti\u00e1n\",\"isPartOf\":{\"@id\":\"https:\/\/www.kursaal.eus\/es\/#website\"},\"primaryImageOfPage\":{\"@id\":\"https:\/\/www.kursaal.eus\/es\/kursaal-eszena\/abonos-2\/#primaryimage\"},\"image\":{\"@id\":\"https:\/\/www.kursaal.eus\/es\/kursaal-eszena\/abonos-2\/#primaryimage\"},\"thumbnailUrl\":\"https:\/\/www.kursaal.eus\/wp-content\/uploads\/2024\/12\/Kursaal-1080x1080-Abono-temporada.jpg\",\"datePublished\":\"2016-09-26T12:07:26+00:00\",\"dateModified\":\"2025-06-17T17:10:39+00:00\",\"breadcrumb\":{\"@id\":\"https:\/\/www.kursaal.eus\/es\/kursaal-eszena\/abonos-2\/#breadcrumb\"},\"inLanguage\":\"es\",\"potentialAction\":[{\"@type\":\"ReadAction\",\"target\":[\"https:\/\/www.kursaal.eus\/es\/kursaal-eszena\/abonos-2\/\"]}]},{\"@type\":\"ImageObject\",\"inLanguage\":\"es\",\"@id\":\"https:\/\/www.kursaal.eus\/es\/kursaal-eszena\/abonos-2\/#primaryimage\",\"url\":\"https:\/\/www.kursaal.eus\/wp-content\/uploads\/2024\/12\/Kursaal-1080x1080-Abono-temporada.jpg\",\"contentUrl\":\"https:\/\/www.kursaal.eus\/wp-content\/uploads\/2024\/12\/Kursaal-1080x1080-Abono-temporada.jpg\",\"width\":1080,\"height\":1080},{\"@type\":\"BreadcrumbList\",\"@id\":\"https:\/\/www.kursaal.eus\/es\/kursaal-eszena\/abonos-2\/#breadcrumb\",\"itemListElement\":[{\"@type\":\"ListItem\",\"position\":1,\"name\":\"Kursaal Eszena\",\"item\":\"https:\/\/www.kursaal.eus\/es\/kursaal-eszena\/\"},{\"@type\":\"ListItem\",\"position\":2,\"name\":\"Abonos\"}]},{\"@type\":\"WebSite\",\"@id\":\"https:\/\/www.kursaal.eus\/es\/#website\",\"url\":\"https:\/\/www.kursaal.eus\/es\/\",\"name\":\"Kursaal Donostia - San Sebasti\u00e1n\",\"description\":\"Palacio de Congresos y Auditorio\",\"potentialAction\":[{\"@type\":\"SearchAction\",\"target\":{\"@type\":\"EntryPoint\",\"urlTemplate\":\"https:\/\/www.kursaal.eus\/es\/?s={search_term_string}\"},\"query-input\":{\"@type\":\"PropertyValueSpecification\",\"valueRequired\":true,\"valueName\":\"search_term_string\"}}],\"inLanguage\":\"es\"}]}<\/script>\n<!-- \/ Yoast SEO plugin. -->","yoast_head_json":{"title":"Abonos - Kursaal Donostia - San Sebasti\u00e1n","robots":{"index":"index","follow":"follow","max-snippet":"max-snippet:-1","max-image-preview":"max-image-preview:large","max-video-preview":"max-video-preview:-1"},"canonical":"https:\/\/www.kursaal.eus\/es\/kursaal-eszena\/abonos-2\/","og_locale":"es_ES","og_type":"article","og_title":"Abonos - Kursaal Donostia - San Sebasti\u00e1n","og_description":"Kursaal Eszena pone a la venta los nuevos abonos de m\u00fasica cl\u00e1sica para la temporada que se desarrollar\u00e1 de octubre a diciembre de 2025. La adquisici\u00f3n del mismo podr\u00e1 hacerse desde el 17 de junio [&hellip;]","og_url":"https:\/\/www.kursaal.eus\/es\/kursaal-eszena\/abonos-2\/","og_site_name":"Kursaal Donostia - San Sebasti\u00e1n","article_publisher":"https:\/\/www.facebook.com\/KursaalPalaciodeCongresosBiltzarJauregia","article_modified_time":"2025-06-17T17:10:39+00:00","og_image":[{"width":1080,"height":1080,"url":"https:\/\/www.kursaal.eus\/wp-content\/uploads\/2024\/12\/Kursaal-1080x1080-Abono-temporada.jpg","type":"image\/jpeg"}],"twitter_misc":{"Tiempo de lectura":"2 minutos"},"schema":{"@context":"https:\/\/schema.org","@graph":[{"@type":"WebPage","@id":"https:\/\/www.kursaal.eus\/es\/kursaal-eszena\/abonos-2\/","url":"https:\/\/www.kursaal.eus\/es\/kursaal-eszena\/abonos-2\/","name":"Abonos - Kursaal Donostia - San Sebasti\u00e1n","isPartOf":{"@id":"https:\/\/www.kursaal.eus\/es\/#website"},"primaryImageOfPage":{"@id":"https:\/\/www.kursaal.eus\/es\/kursaal-eszena\/abonos-2\/#primaryimage"},"image":{"@id":"https:\/\/www.kursaal.eus\/es\/kursaal-eszena\/abonos-2\/#primaryimage"},"thumbnailUrl":"https:\/\/www.kursaal.eus\/wp-content\/uploads\/2024\/12\/Kursaal-1080x1080-Abono-temporada.jpg","datePublished":"2016-09-26T12:07:26+00:00","dateModified":"2025-06-17T17:10:39+00:00","breadcrumb":{"@id":"https:\/\/www.kursaal.eus\/es\/kursaal-eszena\/abonos-2\/#breadcrumb"},"inLanguage":"es","potentialAction":[{"@type":"ReadAction","target":["https:\/\/www.kursaal.eus\/es\/kursaal-eszena\/abonos-2\/"]}]},{"@type":"ImageObject","inLanguage":"es","@id":"https:\/\/www.kursaal.eus\/es\/kursaal-eszena\/abonos-2\/#primaryimage","url":"https:\/\/www.kursaal.eus\/wp-content\/uploads\/2024\/12\/Kursaal-1080x1080-Abono-temporada.jpg","contentUrl":"https:\/\/www.kursaal.eus\/wp-content\/uploads\/2024\/12\/Kursaal-1080x1080-Abono-temporada.jpg","width":1080,"height":1080},{"@type":"BreadcrumbList","@id":"https:\/\/www.kursaal.eus\/es\/kursaal-eszena\/abonos-2\/#breadcrumb","itemListElement":[{"@type":"ListItem","position":1,"name":"Kursaal Eszena","item":"https:\/\/www.kursaal.eus\/es\/kursaal-eszena\/"},{"@type":"ListItem","position":2,"name":"Abonos"}]},{"@type":"WebSite","@id":"https:\/\/www.kursaal.eus\/es\/#website","url":"https:\/\/www.kursaal.eus\/es\/","name":"Kursaal Donostia - San Sebasti\u00e1n","description":"Palacio de Congresos y Auditorio","potentialAction":[{"@type":"SearchAction","target":{"@type":"EntryPoint","urlTemplate":"https:\/\/www.kursaal.eus\/es\/?s={search_term_string}"},"query-input":{"@type":"PropertyValueSpecification","valueRequired":true,"valueName":"search_term_string"}}],"inLanguage":"es"}]}},"_links":{"self":[{"href":"https:\/\/www.kursaal.eus\/es\/wp-json\/wp\/v2\/pages\/15486","targetHints":{"allow":["GET"]}}],"collection":[{"href":"https:\/\/www.kursaal.eus\/es\/wp-json\/wp\/v2\/pages"}],"about":[{"href":"https:\/\/www.kursaal.eus\/es\/wp-json\/wp\/v2\/types\/page"}],"author":[{"embeddable":true,"href":"https:\/\/www.kursaal.eus\/es\/wp-json\/wp\/v2\/users\/10000097"}],"replies":[{"embeddable":true,"href":"https:\/\/www.kursaal.eus\/es\/wp-json\/wp\/v2\/comments?post=15486"}],"version-history":[{"count":4,"href":"https:\/\/www.kursaal.eus\/es\/wp-json\/wp\/v2\/pages\/15486\/revisions"}],"predecessor-version":[{"id":97210,"href":"https:\/\/www.kursaal.eus\/es\/wp-json\/wp\/v2\/pages\/15486\/revisions\/97210"}],"up":[{"embeddable":true,"href":"https:\/\/www.kursaal.eus\/es\/wp-json\/wp\/v2\/pages\/149"}],"wp:featuredmedia":[{"embeddable":true,"href":"https:\/\/www.kursaal.eus\/es\/wp-json\/wp\/v2\/media\/92959"}],"wp:attachment":[{"href":"https:\/\/www.kursaal.eus\/es\/wp-json\/wp\/v2\/media?parent=15486"}],"curies":[{"name":"wp","href":"https:\/\/api.w.org\/{rel}","templated":true}]}}